{"id":3379,"date":"2022-02-09T15:42:47","date_gmt":"2022-02-09T15:42:47","guid":{"rendered":"https:\/\/www.semjoncontemporary.com\/2022\/?post_type=ausstellungen&#038;p=3379"},"modified":"2022-02-09T15:55:21","modified_gmt":"2022-02-09T15:55:21","slug":"2020-edit-2-0","status":"publish","type":"ausstellungen","link":"https:\/\/www.semjoncontemporary.com\/2022\/ausstellungen\/2020-edit-2-0\/","title":{"rendered":"2020 \u2013 edit-2.0"},"content":{"rendered":"<p>[et_pb_section fb_built=&#8220;1&#8243; admin_label=&#8220;section&#8220; _builder_version=&#8220;3.22&#8243; global_colors_info=&#8220;{}&#8220;][et_pb_row admin_label=&#8220;row&#8220; _builder_version=&#8220;3.25&#8243; background_size=&#8220;initial&#8220; background_position=&#8220;top_left&#8220; background_repeat=&#8220;repeat&#8220; global_colors_info=&#8220;{}&#8220;][et_pb_column type=&#8220;4_4&#8243; _builder_version=&#8220;3.25&#8243; custom_padding=&#8220;|||&#8220; global_colors_info=&#8220;{}&#8220; custom_padding__hover=&#8220;|||&#8220;][et_pb_gallery gallery_ids=&#8220;3365,3366,3388,3393,3392,3394,3391,3368,3384,3380,3381,3395,3396,3367,3401&#8243; posts_number=&#8220;24&#8243; _builder_version=&#8220;4.14.7&#8243; _module_preset=&#8220;default&#8220; global_colors_info=&#8220;{}&#8220;][\/et_pb_gallery][et_pb_text _builder_version=&#8220;4.14.7&#8243; _module_preset=&#8220;default&#8220; hover_enabled=&#8220;0&#8243; global_colors_info=&#8220;{}&#8220; sticky_enabled=&#8220;0&#8243;]<\/p>\n<p><strong>Thomas Prochnow<br \/><em>edit-2.0<br \/><\/em><\/strong>24.10.\u2013 28.11.2020<\/p>\n<p>Der zweiteilige Ausstellungstitel verr\u00e4t bereits, dass hier zwei k\u00fcnstlerische und thematische Schwerpunkte gesetzt werden, die Thomas Prochnow zeigen wird (<em>edit-2.0\/Der Zweite \u00d6ffentliche Raum<\/em>).<\/p>\n<p>(In der Darstellung auf der Galerie-Homepage werden sie wie zwei Ausstellungen behandelt.)<\/p>\n<p><em>edit-2.0<\/em> fasst die beiden Vorg\u00e4ngerausstellungen <em>edit_black<\/em> (2017) und <em>edit_white<\/em> (2019) zusammen, bzw. stellt das Exzerpt von beiden vor.<br \/>In beiden Ausstellungen hat der K\u00fcnstler seine <em>edit<\/em>-Werke vorgestellt, die sich mit Ordnungsprinzipen auseinandersetzen und den Begriff von Normierung hinterfragen. Zum einen gibt es die Ordnung \u2013 man k\u00f6nnte auch sagen das Editiermerkmal \u2013 Farbe, zum anderen die Ordnung der Normgr\u00f6\u00dfe, die DIN-Gr\u00f6\u00dfe. Beiden Parametern als Grundprinzip folgend schafft sich der K\u00fcnstler ein Bet\u00e4tigungsfeld, das in seinem Output vielf\u00e4ltig und \u00fcberraschend ist: Ist in <em>edit_black<\/em> die Farbe Schwarz das Hauptmerkmal, so komponiert der K\u00fcnstler aus allen erdenklichen Materialien, seien es Fundst\u00fccke (Holz- und Bauplattenreste, beschichtet oder roh) oder Materialien aus dem Baumarkt wie Gitter, Gummimatten und dergleichen, die er wie bei einer Assemblage zu einem Bild zusammensetzt. Unschwer l\u00e4sst sich ein Einfluss durch die Geschichte der Konstruktiven Kunst der Klassischen Moderne bis zur Nachkriegsmoderne ablesen, der jedoch immer im geschaffenen Werk das Moment der k\u00fcnstlerischen Brechung birgt. Die Gr\u00f6\u00dfen der Werke sind schematisch in Werkgruppen von DIN A6 bis DIN A1 oder auch DIN A0 eingeteilt.<br \/>Die k\u00fcnstlerische Brechung ist der Akt der Individualisierung des zu schaffenden oder auch des geschaffenen Werkes, das erst einmal als eine freie Deklination einer oder mehrerer Normen verstanden werden k\u00f6nnte. Konzentriert Thomas Prochnow sich z. B. auf eine Werkserie, die die DIN-A4-Gr\u00f6\u00dfe und die Farbe Wei\u00df als Ordnungsprinzip beinhaltet, wird eine Vielfalt von Bildwerken erzeugt, die diverser nicht sein kann. Mal sind es aneinandergereihte und miteinander verklebte Formst\u00fccke aus z. B. wei\u00dfem Kunststoff, mal horizontal, vertikal oder gar diagonal ausgerichtet. Vorgefundene Plastik- oder Holzfundst\u00fccke, die die Farbe Wei\u00df als Oberfl\u00e4chenmerkmal besitzen, werden zu geschichteten, in der Anordnung zueinander mal strengen oder auch weniger strengen konstruktiven Ensembles gef\u00fcgt. Jedes Bildwerk ist hier jedoch auf DIN-A4-Gr\u00f6\u00dfe geschnitten. So entstehen Reihungen oder Serien, die nebeneinander geh\u00e4ngt ein vitales Spiel von Form, Struktur und Farbe ergeben. Die Verschattungen der reliefartigen Werke, aber auch die Dichte des vorgefundenen wei\u00dfen Farbauftrages einkalkulierend, sind sie alle jedoch im H\u00f6hen- und Breitenma\u00df identisch.<br \/>Verkn\u00fcpft nun Thomas Prochnow in der aktuellen Ausstellung die Ordnungsprinzipen Farbe (hier wei\u00df und schwarz) mit der DIN-Gr\u00f6\u00dfe, dann w\u00e4chst bereits vor dem inneren Auge eine kontrastreiche Inszenierung, die in Gr\u00f6\u00dfe, Struktur und Form und den Farben Schwarz und Wei\u00df (und ihren jeweiligen Differenzt\u00f6nen) eine abwechslungsreiche Komposition bildet.<\/p>\n<p>Semjon H. N. Semjon, Oktober 2020<\/p>\n<p>Aktuell wird seine Werkgruppe <em>Der <\/em><i>Zweite \u00d6ffentliche Raum<\/i> im Magazin CUBE (Online-Version) vorgestellt.<\/p>\n<div>\n<p class=\"KeinAbsatzformat\">\n<p><b><\/b><\/p>\n<p>&nbsp;<\/p>\n<\/div>\n<p>[\/et_pb_text][\/et_pb_column][\/et_pb_row][\/et_pb_section]<\/p>\n","protected":false},"featured_media":3366,"parent":0,"menu_order":73,"template":"","meta":{"_acf_changed":false,"_et_pb_use_builder":"on","_et_pb_old_content":"","_et_gb_content_width":""},"categories":[98],"class_list":["post-3379","ausstellungen","type-ausstellungen","status-publish","has-post-thumbnail","hentry","category-thomas-prochnow-ausstellungen"],"acf":[],"yoast_head":"<!-- This site is optimized with the Yoast SEO plugin v27.4 - https:\/\/yoast.com\/product\/yoast-seo-wordpress\/ -->\n<title>2020 \u2013 edit-2.0 - Semjon Contemporary<\/title>\n<meta name=\"robots\" content=\"index, follow, max-snippet:-1, max-image-preview:large, max-video-preview:-1\" \/>\n<link rel=\"canonical\" href=\"https:\/\/www.semjoncontemporary.com\/2022\/ausstellungen\/2020-edit-2-0\/\" \/>\n<meta property=\"og:locale\" content=\"de_DE\" \/>\n<meta property=\"og:type\" content=\"article\" \/>\n<meta property=\"og:title\" content=\"2020 \u2013 edit-2.0 - Semjon Contemporary\" \/>\n<meta property=\"og:description\" content=\"Thomas Prochnowedit-2.024.10.\u2013 28.11.2020 Der zweiteilige Ausstellungstitel verr\u00e4t bereits, dass hier zwei k\u00fcnstlerische und thematische Schwerpunkte gesetzt werden, die Thomas Prochnow zeigen wird (edit-2.0\/Der Zweite \u00d6ffentliche Raum). (In der Darstellung auf der Galerie-Homepage werden sie wie zwei Ausstellungen behandelt.) edit-2.0 fasst die beiden Vorg\u00e4ngerausstellungen edit_black (2017) und edit_white (2019) zusammen, bzw. stellt das Exzerpt von beiden [&hellip;]\" \/>\n<meta property=\"og:url\" content=\"https:\/\/www.semjoncontemporary.com\/2022\/ausstellungen\/2020-edit-2-0\/\" \/>\n<meta property=\"og:site_name\" content=\"Semjon Contemporary\" \/>\n<meta property=\"article:publisher\" content=\"https:\/\/www.facebook.com\/semjon\/\" \/>\n<meta property=\"article:modified_time\" content=\"2022-02-09T15:55:21+00:00\" \/>\n<meta property=\"og:image\" content=\"https:\/\/www.semjoncontemporary.com\/2022\/wp-content\/uploads\/2022\/02\/TP_2020_edit-5_ZOeR_20201023-_MG_2911.jpg\" \/>\n\t<meta property=\"og:image:width\" content=\"2000\" \/>\n\t<meta property=\"og:image:height\" content=\"1333\" \/>\n\t<meta property=\"og:image:type\" content=\"image\/jpeg\" \/>\n<meta name=\"twitter:card\" content=\"summary_large_image\" \/>\n<meta name=\"twitter:label1\" content=\"Gesch\u00e4tzte Lesezeit\" \/>\n\t<meta name=\"twitter:data1\" content=\"3\u00a0Minuten\" \/>\n<script type=\"application\/ld+json\" class=\"yoast-schema-graph\">{\"@context\":\"https:\\\/\\\/schema.org\",\"@graph\":[{\"@type\":\"WebPage\",\"@id\":\"https:\\\/\\\/www.semjoncontemporary.com\\\/2022\\\/ausstellungen\\\/2020-edit-2-0\\\/\",\"url\":\"https:\\\/\\\/www.semjoncontemporary.com\\\/2022\\\/ausstellungen\\\/2020-edit-2-0\\\/\",\"name\":\"2020 \u2013 edit-2.0 - Semjon Contemporary\",\"isPartOf\":{\"@id\":\"https:\\\/\\\/www.semjoncontemporary.com\\\/2022\\\/#website\"},\"primaryImageOfPage\":{\"@id\":\"https:\\\/\\\/www.semjoncontemporary.com\\\/2022\\\/ausstellungen\\\/2020-edit-2-0\\\/#primaryimage\"},\"image\":{\"@id\":\"https:\\\/\\\/www.semjoncontemporary.com\\\/2022\\\/ausstellungen\\\/2020-edit-2-0\\\/#primaryimage\"},\"thumbnailUrl\":\"https:\\\/\\\/www.semjoncontemporary.com\\\/2022\\\/wp-content\\\/uploads\\\/2022\\\/02\\\/TP_2020_edit-5_ZOeR_20201023-_MG_2911.jpg\",\"datePublished\":\"2022-02-09T15:42:47+00:00\",\"dateModified\":\"2022-02-09T15:55:21+00:00\",\"breadcrumb\":{\"@id\":\"https:\\\/\\\/www.semjoncontemporary.com\\\/2022\\\/ausstellungen\\\/2020-edit-2-0\\\/#breadcrumb\"},\"inLanguage\":\"de\",\"potentialAction\":[{\"@type\":\"ReadAction\",\"target\":[\"https:\\\/\\\/www.semjoncontemporary.com\\\/2022\\\/ausstellungen\\\/2020-edit-2-0\\\/\"]}]},{\"@type\":\"ImageObject\",\"inLanguage\":\"de\",\"@id\":\"https:\\\/\\\/www.semjoncontemporary.com\\\/2022\\\/ausstellungen\\\/2020-edit-2-0\\\/#primaryimage\",\"url\":\"https:\\\/\\\/www.semjoncontemporary.com\\\/2022\\\/wp-content\\\/uploads\\\/2022\\\/02\\\/TP_2020_edit-5_ZOeR_20201023-_MG_2911.jpg\",\"contentUrl\":\"https:\\\/\\\/www.semjoncontemporary.com\\\/2022\\\/wp-content\\\/uploads\\\/2022\\\/02\\\/TP_2020_edit-5_ZOeR_20201023-_MG_2911.jpg\",\"width\":2000,\"height\":1333},{\"@type\":\"BreadcrumbList\",\"@id\":\"https:\\\/\\\/www.semjoncontemporary.com\\\/2022\\\/ausstellungen\\\/2020-edit-2-0\\\/#breadcrumb\",\"itemListElement\":[{\"@type\":\"ListItem\",\"position\":1,\"name\":\"Startseite\",\"item\":\"https:\\\/\\\/www.semjoncontemporary.com\\\/2022\\\/\"},{\"@type\":\"ListItem\",\"position\":2,\"name\":\"2020 \u2013 edit-2.0\"}]},{\"@type\":\"WebSite\",\"@id\":\"https:\\\/\\\/www.semjoncontemporary.com\\\/2022\\\/#website\",\"url\":\"https:\\\/\\\/www.semjoncontemporary.com\\\/2022\\\/\",\"name\":\"Semjon Contemporary\",\"description\":\"Galerie f\u00fcr zeitgen\u00f6ssische Kunst\",\"publisher\":{\"@id\":\"https:\\\/\\\/www.semjoncontemporary.com\\\/2022\\\/#organization\"},\"potentialAction\":[{\"@type\":\"SearchAction\",\"target\":{\"@type\":\"EntryPoint\",\"urlTemplate\":\"https:\\\/\\\/www.semjoncontemporary.com\\\/2022\\\/?s={search_term_string}\"},\"query-input\":{\"@type\":\"PropertyValueSpecification\",\"valueRequired\":true,\"valueName\":\"search_term_string\"}}],\"inLanguage\":\"de\"},{\"@type\":\"Organization\",\"@id\":\"https:\\\/\\\/www.semjoncontemporary.com\\\/2022\\\/#organization\",\"name\":\"Semjon Contemporary\",\"url\":\"https:\\\/\\\/www.semjoncontemporary.com\\\/2022\\\/\",\"logo\":{\"@type\":\"ImageObject\",\"inLanguage\":\"de\",\"@id\":\"https:\\\/\\\/www.semjoncontemporary.com\\\/2022\\\/#\\\/schema\\\/logo\\\/image\\\/\",\"url\":\"https:\\\/\\\/www.semjoncontemporary.com\\\/2022\\\/wp-content\\\/uploads\\\/2021\\\/11\\\/SC-logo.png\",\"contentUrl\":\"https:\\\/\\\/www.semjoncontemporary.com\\\/2022\\\/wp-content\\\/uploads\\\/2021\\\/11\\\/SC-logo.png\",\"width\":2221,\"height\":512,\"caption\":\"Semjon Contemporary\"},\"image\":{\"@id\":\"https:\\\/\\\/www.semjoncontemporary.com\\\/2022\\\/#\\\/schema\\\/logo\\\/image\\\/\"},\"sameAs\":[\"https:\\\/\\\/www.facebook.com\\\/semjon\\\/\",\"https:\\\/\\\/www.instagram.com\\\/semjoncontemporary\"]}]}<\/script>\n<!-- \/ Yoast SEO plugin. -->","yoast_head_json":{"title":"2020 \u2013 edit-2.0 - Semjon Contemporary","robots":{"index":"index","follow":"follow","max-snippet":"max-snippet:-1","max-image-preview":"max-image-preview:large","max-video-preview":"max-video-preview:-1"},"canonical":"https:\/\/www.semjoncontemporary.com\/2022\/ausstellungen\/2020-edit-2-0\/","og_locale":"de_DE","og_type":"article","og_title":"2020 \u2013 edit-2.0 - Semjon Contemporary","og_description":"Thomas Prochnowedit-2.024.10.\u2013 28.11.2020 Der zweiteilige Ausstellungstitel verr\u00e4t bereits, dass hier zwei k\u00fcnstlerische und thematische Schwerpunkte gesetzt werden, die Thomas Prochnow zeigen wird (edit-2.0\/Der Zweite \u00d6ffentliche Raum). (In der Darstellung auf der Galerie-Homepage werden sie wie zwei Ausstellungen behandelt.) edit-2.0 fasst die beiden Vorg\u00e4ngerausstellungen edit_black (2017) und edit_white (2019) zusammen, bzw. stellt das Exzerpt von beiden [&hellip;]","og_url":"https:\/\/www.semjoncontemporary.com\/2022\/ausstellungen\/2020-edit-2-0\/","og_site_name":"Semjon Contemporary","article_publisher":"https:\/\/www.facebook.com\/semjon\/","article_modified_time":"2022-02-09T15:55:21+00:00","og_image":[{"width":2000,"height":1333,"url":"https:\/\/www.semjoncontemporary.com\/2022\/wp-content\/uploads\/2022\/02\/TP_2020_edit-5_ZOeR_20201023-_MG_2911.jpg","type":"image\/jpeg"}],"twitter_card":"summary_large_image","twitter_misc":{"Gesch\u00e4tzte Lesezeit":"3\u00a0Minuten"},"schema":{"@context":"https:\/\/schema.org","@graph":[{"@type":"WebPage","@id":"https:\/\/www.semjoncontemporary.com\/2022\/ausstellungen\/2020-edit-2-0\/","url":"https:\/\/www.semjoncontemporary.com\/2022\/ausstellungen\/2020-edit-2-0\/","name":"2020 \u2013 edit-2.0 - Semjon Contemporary","isPartOf":{"@id":"https:\/\/www.semjoncontemporary.com\/2022\/#website"},"primaryImageOfPage":{"@id":"https:\/\/www.semjoncontemporary.com\/2022\/ausstellungen\/2020-edit-2-0\/#primaryimage"},"image":{"@id":"https:\/\/www.semjoncontemporary.com\/2022\/ausstellungen\/2020-edit-2-0\/#primaryimage"},"thumbnailUrl":"https:\/\/www.semjoncontemporary.com\/2022\/wp-content\/uploads\/2022\/02\/TP_2020_edit-5_ZOeR_20201023-_MG_2911.jpg","datePublished":"2022-02-09T15:42:47+00:00","dateModified":"2022-02-09T15:55:21+00:00","breadcrumb":{"@id":"https:\/\/www.semjoncontemporary.com\/2022\/ausstellungen\/2020-edit-2-0\/#breadcrumb"},"inLanguage":"de","potentialAction":[{"@type":"ReadAction","target":["https:\/\/www.semjoncontemporary.com\/2022\/ausstellungen\/2020-edit-2-0\/"]}]},{"@type":"ImageObject","inLanguage":"de","@id":"https:\/\/www.semjoncontemporary.com\/2022\/ausstellungen\/2020-edit-2-0\/#primaryimage","url":"https:\/\/www.semjoncontemporary.com\/2022\/wp-content\/uploads\/2022\/02\/TP_2020_edit-5_ZOeR_20201023-_MG_2911.jpg","contentUrl":"https:\/\/www.semjoncontemporary.com\/2022\/wp-content\/uploads\/2022\/02\/TP_2020_edit-5_ZOeR_20201023-_MG_2911.jpg","width":2000,"height":1333},{"@type":"BreadcrumbList","@id":"https:\/\/www.semjoncontemporary.com\/2022\/ausstellungen\/2020-edit-2-0\/#breadcrumb","itemListElement":[{"@type":"ListItem","position":1,"name":"Startseite","item":"https:\/\/www.semjoncontemporary.com\/2022\/"},{"@type":"ListItem","position":2,"name":"2020 \u2013 edit-2.0"}]},{"@type":"WebSite","@id":"https:\/\/www.semjoncontemporary.com\/2022\/#website","url":"https:\/\/www.semjoncontemporary.com\/2022\/","name":"Semjon Contemporary","description":"Galerie f\u00fcr zeitgen\u00f6ssische Kunst","publisher":{"@id":"https:\/\/www.semjoncontemporary.com\/2022\/#organization"},"potentialAction":[{"@type":"SearchAction","target":{"@type":"EntryPoint","urlTemplate":"https:\/\/www.semjoncontemporary.com\/2022\/?s={search_term_string}"},"query-input":{"@type":"PropertyValueSpecification","valueRequired":true,"valueName":"search_term_string"}}],"inLanguage":"de"},{"@type":"Organization","@id":"https:\/\/www.semjoncontemporary.com\/2022\/#organization","name":"Semjon Contemporary","url":"https:\/\/www.semjoncontemporary.com\/2022\/","logo":{"@type":"ImageObject","inLanguage":"de","@id":"https:\/\/www.semjoncontemporary.com\/2022\/#\/schema\/logo\/image\/","url":"https:\/\/www.semjoncontemporary.com\/2022\/wp-content\/uploads\/2021\/11\/SC-logo.png","contentUrl":"https:\/\/www.semjoncontemporary.com\/2022\/wp-content\/uploads\/2021\/11\/SC-logo.png","width":2221,"height":512,"caption":"Semjon Contemporary"},"image":{"@id":"https:\/\/www.semjoncontemporary.com\/2022\/#\/schema\/logo\/image\/"},"sameAs":["https:\/\/www.facebook.com\/semjon\/","https:\/\/www.instagram.com\/semjoncontemporary"]}]}},"_links":{"self":[{"href":"https:\/\/www.semjoncontemporary.com\/2022\/wp-json\/wp\/v2\/ausstellungen\/3379","targetHints":{"allow":["GET"]}}],"collection":[{"href":"https:\/\/www.semjoncontemporary.com\/2022\/wp-json\/wp\/v2\/ausstellungen"}],"about":[{"href":"https:\/\/www.semjoncontemporary.com\/2022\/wp-json\/wp\/v2\/types\/ausstellungen"}],"wp:featuredmedia":[{"embeddable":true,"href":"https:\/\/www.semjoncontemporary.com\/2022\/wp-json\/wp\/v2\/media\/3366"}],"wp:attachment":[{"href":"https:\/\/www.semjoncontemporary.com\/2022\/wp-json\/wp\/v2\/media?parent=3379"}],"wp:term":[{"taxonomy":"category","embeddable":true,"href":"https:\/\/www.semjoncontemporary.com\/2022\/wp-json\/wp\/v2\/categories?post=3379"}],"curies":[{"name":"wp","href":"https:\/\/api.w.org\/{rel}","templated":true}]}}