{"id":3002,"date":"2022-01-29T14:21:34","date_gmt":"2022-01-29T14:21:34","guid":{"rendered":"https:\/\/www.semjoncontemporary.com\/2022\/?post_type=ausstellungen&#038;p=3002"},"modified":"2024-04-12T11:27:47","modified_gmt":"2024-04-12T11:27:47","slug":"2018-lumiere","status":"publish","type":"ausstellungen","link":"https:\/\/www.semjoncontemporary.com\/2022\/ausstellungen\/2018-lumiere\/","title":{"rendered":"2018 \u2013 Lumi\u00e8re"},"content":{"rendered":"<p>[et_pb_section fb_built=&#8220;1&#8243; admin_label=&#8220;section&#8220; _builder_version=&#8220;4.16&#8243; global_colors_info=&#8220;{}&#8220;][et_pb_row admin_label=&#8220;row&#8220; _builder_version=&#8220;4.16&#8243; background_size=&#8220;initial&#8220; background_position=&#8220;top_left&#8220; background_repeat=&#8220;repeat&#8220; global_colors_info=&#8220;{}&#8220;][et_pb_column type=&#8220;4_4&#8243; _builder_version=&#8220;4.16&#8243; custom_padding=&#8220;|||&#8220; global_colors_info=&#8220;{}&#8220; custom_padding__hover=&#8220;|||&#8220;][et_pb_gallery gallery_ids=&#8220;3018,3019,3017,3015,3016,3014,3013,3012,3011&#8243; posts_number=&#8220;24&#8243; _builder_version=&#8220;4.16&#8243; _module_preset=&#8220;default&#8220; global_colors_info=&#8220;{}&#8220;][\/et_pb_gallery][et_pb_text _builder_version=&#8220;4.24.3&#8243; _module_preset=&#8220;default&#8220; global_colors_info=&#8220;{}&#8220;]<\/p>\n<p><strong>Hitomi Uchikura \u2013 Lumi\u00e8re<\/strong><\/p>\n<p>8. Juni \u2013 14. Juli 2018<\/p>\n<p>Der Ausstellungstitel deutet es schon an: \u00bbLumi\u00e8re\u00ab (franz\u00f6sisch f\u00fcr Licht) muss ein wesentlicher Bestandteil der zu sehenden Werke sein, sei es in inhaltlicher Hinsicht oder auch auf der materiellen Ebene. Man k\u00f6nnte sofort an Lichtkunst denken \u2013 und liegt nicht ganz falsch.<\/p>\n<p>Betritt man den Ausstellungsraum, so d\u00fcrfte auf der linken Raumseite das gro\u00dfe f\u00fcnfteilige Kunstwerk installiert sein (je 200 x 114 cm) und ihm gegen\u00fcber eine Gruppe kleinformatiger Kunstwerke. Alle sind aus kr\u00e4ftigem Papier gefertigt. Die K\u00fcnstlerin bedarf nur der bildnerischen Vision, eines Skalpells und der physischen Krafteinwirkung auf Papier und schon entstehen in tagelangen Arbeitssitzungen ihre papiernen Kunstwerke, die sie allesamt mit \u00bbLumi\u00e8re\u00ab bezeichnet.<br \/>Es sind Gebilde, die vor der Wand in einem optischen Schwebezustand inszeniert sind, die ein Meer von kreisrunden Medaillons in unterschiedlicher Gr\u00f6\u00dfe beherbergen, wobei die Negativr\u00e4ume zwischen den Scheiben freigeschnitten sind. Die Medaillons sind alle als konkave Scheiben mit Krafteinwirkung in den Papiergrund gedr\u00fcckt und bilden somit ein Relief. Betrachtet man dieses Relief l\u00e4ngere Zeit, erfolgt unvermittelt ein Umkehrungsprozess und die nach hinten gehenden, konkaven &#8218;Teller&#8216; werden pl\u00f6tzlich zu konvexen, also uns entgegen kommenden plastischen Scheiben. Sie unterstreichen das Moment der Leichtigkeit, des Schwebens, das durch die Inszenierung vor dem Wandgrund bereits angelegt ist.<br \/>Es sind visuelle Umbr\u00fcche, die unvermittelt geschehen, aber keine Unruhe oder Chaos suggerieren. Im Gegenteil. Die Geballtheit der Formen, fein aufeinander abgestimmt, verleiten den Betrachter zum Innehalten. Das Kunstwerk wird zur Meditationsfl\u00e4che, zum Meditationsrelief. Die negativen freigeschnittenen Zwischenr\u00e4ume erscheinen dunkel, geben sie den Blick frei nach hinten in den verschatteten Raum vor der Wand. Installiert die K\u00fcnstlerin jedoch unterhalb der Papierbahn eine Lichtquelle, wird dieser Zwischenraum erleuchtet und verst\u00e4rkt den Schwebezustand der konkaven oder konvexen Scheiben. Der hintere Raum beginnt zu leuchten. Lumi\u00e8re!<\/p>\n<p>Bei den kleinen Formaten sind die Scheiben freigelegt und im Zentrum vor einer fast quadratischen R\u00fcckwand von 26 x 24 cm aus dem gleichen Material in unterschiedlichen Formationen arrangiert. Auch hier beeindruckt die Leichtigkeit des zum Objekt gewordenen Scheibenensembles und l\u00e4sst diese ebenso elegant schweben.<\/p>\n<p>Den Wandarbeiten ist eine biomorphe Skulptur auf einem Sockel im Raum zugeordnet. Obwohl sie fast 5 kg wiegt, dominiert auch hier der Eindruck von Leichtigkeit. <em>Bright cell 2018-VIII<\/em> ist ein zellen\u00e4hnliches Gewerk von 20 x 28 x 26 cm, das aus Kameralinsen und Spiegeln besteht. Die sichtbare Oberfl\u00e4che, in der die runden Glaslinsen eingelassen sind, besteht aus blauem Wildleder \u00fcber einem stabilen tektonisch-organoiden Ger\u00fcst. Der Blick ins Innere dieser Zelle \u00f6ffnet sich in die Unendlichkeit und saugt das Umgebungslicht hinein. Ein lichthelles Zentrum entsteht, das zu definieren unm\u00f6glich wird, denn die Integration von Spiegeln im Inneren multiplizieren die (Licht-)R\u00e4ume ins Unendliche.<br \/><em>Bright Cell<\/em>.<\/p>\n<p><em>Lumi\u00e8re<\/em>, der Titel der Ausstellung ist Programm. Alle Werke von Hitomi Uchikura zeichnen sich durch die Faszination von Licht und dem bildnerischen Spiel mit ihm aus.<\/p>\n<p>Die aktuelle Einzelausstellung <em>Lumi\u00e8re<\/em> von Hitomi Uchikura wird im nebenliegenden Stra\u00dfen-Salon begleitet von der Einzelausstellung <em>Faltzeichnungen<\/em> von Takayuki Daikoko. Auch dieser zeigt eine Werkgruppe, die auf Papier gr\u00fcndet. Ein ganz anderes k\u00fcnstlerisches Ergebnis ist sichtbar, ein anderer k\u00fcnstlerischer Ansatz ist zu erleben, und doch zeigen beide K\u00fcnstler, wie sehr Papier als k\u00fcnstlerisches Material und Inspirationsquelle in der japanischen Kultur verhaftet ist.<\/p>\n<p>Semjon H. N. Semjon<br \/>Mai 2018<\/p>\n<p>[\/et_pb_text][\/et_pb_column][\/et_pb_row][\/et_pb_section]<\/p>\n","protected":false},"featured_media":3017,"parent":0,"menu_order":81,"template":"","meta":{"_acf_changed":false,"_et_pb_use_builder":"on","_et_pb_old_content":"","_et_gb_content_width":""},"categories":[87],"class_list":["post-3002","ausstellungen","type-ausstellungen","status-publish","has-post-thumbnail","hentry","category-hitomi-uchikura-ausstellungen"],"acf":[],"yoast_head":"<!-- This site is optimized with the Yoast SEO plugin v27.5 - https:\/\/yoast.com\/product\/yoast-seo-wordpress\/ -->\n<title>2018 \u2013 Lumi\u00e8re - Semjon Contemporary<\/title>\n<meta name=\"robots\" content=\"index, follow, max-snippet:-1, max-image-preview:large, max-video-preview:-1\" \/>\n<link rel=\"canonical\" href=\"https:\/\/www.semjoncontemporary.com\/2022\/ausstellungen\/2018-lumiere\/\" \/>\n<meta property=\"og:locale\" content=\"de_DE\" \/>\n<meta property=\"og:type\" content=\"article\" \/>\n<meta property=\"og:title\" content=\"2018 \u2013 Lumi\u00e8re - Semjon Contemporary\" \/>\n<meta property=\"og:description\" content=\"Hitomi Uchikura \u2013 Lumi\u00e8re 8. Juni \u2013 14. Juli 2018 Der Ausstellungstitel deutet es schon an: \u00bbLumi\u00e8re\u00ab (franz\u00f6sisch f\u00fcr Licht) muss ein wesentlicher Bestandteil der zu sehenden Werke sein, sei es in inhaltlicher Hinsicht oder auch auf der materiellen Ebene. Man k\u00f6nnte sofort an Lichtkunst denken \u2013 und liegt nicht ganz falsch. Betritt man den [&hellip;]\" \/>\n<meta property=\"og:url\" content=\"https:\/\/www.semjoncontemporary.com\/2022\/ausstellungen\/2018-lumiere\/\" \/>\n<meta property=\"og:site_name\" content=\"Semjon Contemporary\" \/>\n<meta property=\"article:publisher\" content=\"https:\/\/www.facebook.com\/semjon\/\" \/>\n<meta property=\"article:modified_time\" content=\"2024-04-12T11:27:47+00:00\" \/>\n<meta property=\"og:image\" content=\"https:\/\/www.semjoncontemporary.com\/2022\/wp-content\/uploads\/2022\/01\/HitUchi_2018_Lumiere-exhib_011_LH_2000.jpg\" \/>\n\t<meta property=\"og:image:width\" content=\"2000\" \/>\n\t<meta property=\"og:image:height\" content=\"1333\" \/>\n\t<meta property=\"og:image:type\" content=\"image\/jpeg\" \/>\n<meta name=\"twitter:card\" content=\"summary_large_image\" \/>\n<meta name=\"twitter:label1\" content=\"Gesch\u00e4tzte Lesezeit\" \/>\n\t<meta name=\"twitter:data1\" content=\"3\u00a0Minuten\" \/>\n<script type=\"application\/ld+json\" class=\"yoast-schema-graph\">{\"@context\":\"https:\\\/\\\/schema.org\",\"@graph\":[{\"@type\":\"WebPage\",\"@id\":\"https:\\\/\\\/www.semjoncontemporary.com\\\/2022\\\/ausstellungen\\\/2018-lumiere\\\/\",\"url\":\"https:\\\/\\\/www.semjoncontemporary.com\\\/2022\\\/ausstellungen\\\/2018-lumiere\\\/\",\"name\":\"2018 \u2013 Lumi\u00e8re - Semjon Contemporary\",\"isPartOf\":{\"@id\":\"https:\\\/\\\/www.semjoncontemporary.com\\\/2022\\\/#website\"},\"primaryImageOfPage\":{\"@id\":\"https:\\\/\\\/www.semjoncontemporary.com\\\/2022\\\/ausstellungen\\\/2018-lumiere\\\/#primaryimage\"},\"image\":{\"@id\":\"https:\\\/\\\/www.semjoncontemporary.com\\\/2022\\\/ausstellungen\\\/2018-lumiere\\\/#primaryimage\"},\"thumbnailUrl\":\"https:\\\/\\\/www.semjoncontemporary.com\\\/2022\\\/wp-content\\\/uploads\\\/2022\\\/01\\\/HitUchi_2018_Lumiere-exhib_011_LH_2000.jpg\",\"datePublished\":\"2022-01-29T14:21:34+00:00\",\"dateModified\":\"2024-04-12T11:27:47+00:00\",\"breadcrumb\":{\"@id\":\"https:\\\/\\\/www.semjoncontemporary.com\\\/2022\\\/ausstellungen\\\/2018-lumiere\\\/#breadcrumb\"},\"inLanguage\":\"de\",\"potentialAction\":[{\"@type\":\"ReadAction\",\"target\":[\"https:\\\/\\\/www.semjoncontemporary.com\\\/2022\\\/ausstellungen\\\/2018-lumiere\\\/\"]}]},{\"@type\":\"ImageObject\",\"inLanguage\":\"de\",\"@id\":\"https:\\\/\\\/www.semjoncontemporary.com\\\/2022\\\/ausstellungen\\\/2018-lumiere\\\/#primaryimage\",\"url\":\"https:\\\/\\\/www.semjoncontemporary.com\\\/2022\\\/wp-content\\\/uploads\\\/2022\\\/01\\\/HitUchi_2018_Lumiere-exhib_011_LH_2000.jpg\",\"contentUrl\":\"https:\\\/\\\/www.semjoncontemporary.com\\\/2022\\\/wp-content\\\/uploads\\\/2022\\\/01\\\/HitUchi_2018_Lumiere-exhib_011_LH_2000.jpg\",\"width\":2000,\"height\":1333},{\"@type\":\"BreadcrumbList\",\"@id\":\"https:\\\/\\\/www.semjoncontemporary.com\\\/2022\\\/ausstellungen\\\/2018-lumiere\\\/#breadcrumb\",\"itemListElement\":[{\"@type\":\"ListItem\",\"position\":1,\"name\":\"Startseite\",\"item\":\"https:\\\/\\\/www.semjoncontemporary.com\\\/2022\\\/\"},{\"@type\":\"ListItem\",\"position\":2,\"name\":\"2018 \u2013 Lumi\u00e8re\"}]},{\"@type\":\"WebSite\",\"@id\":\"https:\\\/\\\/www.semjoncontemporary.com\\\/2022\\\/#website\",\"url\":\"https:\\\/\\\/www.semjoncontemporary.com\\\/2022\\\/\",\"name\":\"Semjon Contemporary\",\"description\":\"Galerie f\u00fcr zeitgen\u00f6ssische Kunst\",\"publisher\":{\"@id\":\"https:\\\/\\\/www.semjoncontemporary.com\\\/2022\\\/#organization\"},\"potentialAction\":[{\"@type\":\"SearchAction\",\"target\":{\"@type\":\"EntryPoint\",\"urlTemplate\":\"https:\\\/\\\/www.semjoncontemporary.com\\\/2022\\\/?s={search_term_string}\"},\"query-input\":{\"@type\":\"PropertyValueSpecification\",\"valueRequired\":true,\"valueName\":\"search_term_string\"}}],\"inLanguage\":\"de\"},{\"@type\":\"Organization\",\"@id\":\"https:\\\/\\\/www.semjoncontemporary.com\\\/2022\\\/#organization\",\"name\":\"Semjon Contemporary\",\"url\":\"https:\\\/\\\/www.semjoncontemporary.com\\\/2022\\\/\",\"logo\":{\"@type\":\"ImageObject\",\"inLanguage\":\"de\",\"@id\":\"https:\\\/\\\/www.semjoncontemporary.com\\\/2022\\\/#\\\/schema\\\/logo\\\/image\\\/\",\"url\":\"https:\\\/\\\/www.semjoncontemporary.com\\\/2022\\\/wp-content\\\/uploads\\\/2021\\\/11\\\/SC-logo.png\",\"contentUrl\":\"https:\\\/\\\/www.semjoncontemporary.com\\\/2022\\\/wp-content\\\/uploads\\\/2021\\\/11\\\/SC-logo.png\",\"width\":2221,\"height\":512,\"caption\":\"Semjon Contemporary\"},\"image\":{\"@id\":\"https:\\\/\\\/www.semjoncontemporary.com\\\/2022\\\/#\\\/schema\\\/logo\\\/image\\\/\"},\"sameAs\":[\"https:\\\/\\\/www.facebook.com\\\/semjon\\\/\",\"https:\\\/\\\/www.instagram.com\\\/semjoncontemporary\"]}]}<\/script>\n<!-- \/ Yoast SEO plugin. -->","yoast_head_json":{"title":"2018 \u2013 Lumi\u00e8re - Semjon Contemporary","robots":{"index":"index","follow":"follow","max-snippet":"max-snippet:-1","max-image-preview":"max-image-preview:large","max-video-preview":"max-video-preview:-1"},"canonical":"https:\/\/www.semjoncontemporary.com\/2022\/ausstellungen\/2018-lumiere\/","og_locale":"de_DE","og_type":"article","og_title":"2018 \u2013 Lumi\u00e8re - Semjon Contemporary","og_description":"Hitomi Uchikura \u2013 Lumi\u00e8re 8. Juni \u2013 14. Juli 2018 Der Ausstellungstitel deutet es schon an: \u00bbLumi\u00e8re\u00ab (franz\u00f6sisch f\u00fcr Licht) muss ein wesentlicher Bestandteil der zu sehenden Werke sein, sei es in inhaltlicher Hinsicht oder auch auf der materiellen Ebene. Man k\u00f6nnte sofort an Lichtkunst denken \u2013 und liegt nicht ganz falsch. Betritt man den [&hellip;]","og_url":"https:\/\/www.semjoncontemporary.com\/2022\/ausstellungen\/2018-lumiere\/","og_site_name":"Semjon Contemporary","article_publisher":"https:\/\/www.facebook.com\/semjon\/","article_modified_time":"2024-04-12T11:27:47+00:00","og_image":[{"width":2000,"height":1333,"url":"https:\/\/www.semjoncontemporary.com\/2022\/wp-content\/uploads\/2022\/01\/HitUchi_2018_Lumiere-exhib_011_LH_2000.jpg","type":"image\/jpeg"}],"twitter_card":"summary_large_image","twitter_misc":{"Gesch\u00e4tzte Lesezeit":"3\u00a0Minuten"},"schema":{"@context":"https:\/\/schema.org","@graph":[{"@type":"WebPage","@id":"https:\/\/www.semjoncontemporary.com\/2022\/ausstellungen\/2018-lumiere\/","url":"https:\/\/www.semjoncontemporary.com\/2022\/ausstellungen\/2018-lumiere\/","name":"2018 \u2013 Lumi\u00e8re - Semjon Contemporary","isPartOf":{"@id":"https:\/\/www.semjoncontemporary.com\/2022\/#website"},"primaryImageOfPage":{"@id":"https:\/\/www.semjoncontemporary.com\/2022\/ausstellungen\/2018-lumiere\/#primaryimage"},"image":{"@id":"https:\/\/www.semjoncontemporary.com\/2022\/ausstellungen\/2018-lumiere\/#primaryimage"},"thumbnailUrl":"https:\/\/www.semjoncontemporary.com\/2022\/wp-content\/uploads\/2022\/01\/HitUchi_2018_Lumiere-exhib_011_LH_2000.jpg","datePublished":"2022-01-29T14:21:34+00:00","dateModified":"2024-04-12T11:27:47+00:00","breadcrumb":{"@id":"https:\/\/www.semjoncontemporary.com\/2022\/ausstellungen\/2018-lumiere\/#breadcrumb"},"inLanguage":"de","potentialAction":[{"@type":"ReadAction","target":["https:\/\/www.semjoncontemporary.com\/2022\/ausstellungen\/2018-lumiere\/"]}]},{"@type":"ImageObject","inLanguage":"de","@id":"https:\/\/www.semjoncontemporary.com\/2022\/ausstellungen\/2018-lumiere\/#primaryimage","url":"https:\/\/www.semjoncontemporary.com\/2022\/wp-content\/uploads\/2022\/01\/HitUchi_2018_Lumiere-exhib_011_LH_2000.jpg","contentUrl":"https:\/\/www.semjoncontemporary.com\/2022\/wp-content\/uploads\/2022\/01\/HitUchi_2018_Lumiere-exhib_011_LH_2000.jpg","width":2000,"height":1333},{"@type":"BreadcrumbList","@id":"https:\/\/www.semjoncontemporary.com\/2022\/ausstellungen\/2018-lumiere\/#breadcrumb","itemListElement":[{"@type":"ListItem","position":1,"name":"Startseite","item":"https:\/\/www.semjoncontemporary.com\/2022\/"},{"@type":"ListItem","position":2,"name":"2018 \u2013 Lumi\u00e8re"}]},{"@type":"WebSite","@id":"https:\/\/www.semjoncontemporary.com\/2022\/#website","url":"https:\/\/www.semjoncontemporary.com\/2022\/","name":"Semjon Contemporary","description":"Galerie f\u00fcr zeitgen\u00f6ssische Kunst","publisher":{"@id":"https:\/\/www.semjoncontemporary.com\/2022\/#organization"},"potentialAction":[{"@type":"SearchAction","target":{"@type":"EntryPoint","urlTemplate":"https:\/\/www.semjoncontemporary.com\/2022\/?s={search_term_string}"},"query-input":{"@type":"PropertyValueSpecification","valueRequired":true,"valueName":"search_term_string"}}],"inLanguage":"de"},{"@type":"Organization","@id":"https:\/\/www.semjoncontemporary.com\/2022\/#organization","name":"Semjon Contemporary","url":"https:\/\/www.semjoncontemporary.com\/2022\/","logo":{"@type":"ImageObject","inLanguage":"de","@id":"https:\/\/www.semjoncontemporary.com\/2022\/#\/schema\/logo\/image\/","url":"https:\/\/www.semjoncontemporary.com\/2022\/wp-content\/uploads\/2021\/11\/SC-logo.png","contentUrl":"https:\/\/www.semjoncontemporary.com\/2022\/wp-content\/uploads\/2021\/11\/SC-logo.png","width":2221,"height":512,"caption":"Semjon Contemporary"},"image":{"@id":"https:\/\/www.semjoncontemporary.com\/2022\/#\/schema\/logo\/image\/"},"sameAs":["https:\/\/www.facebook.com\/semjon\/","https:\/\/www.instagram.com\/semjoncontemporary"]}]}},"_links":{"self":[{"href":"https:\/\/www.semjoncontemporary.com\/2022\/wp-json\/wp\/v2\/ausstellungen\/3002","targetHints":{"allow":["GET"]}}],"collection":[{"href":"https:\/\/www.semjoncontemporary.com\/2022\/wp-json\/wp\/v2\/ausstellungen"}],"about":[{"href":"https:\/\/www.semjoncontemporary.com\/2022\/wp-json\/wp\/v2\/types\/ausstellungen"}],"wp:featuredmedia":[{"embeddable":true,"href":"https:\/\/www.semjoncontemporary.com\/2022\/wp-json\/wp\/v2\/media\/3017"}],"wp:attachment":[{"href":"https:\/\/www.semjoncontemporary.com\/2022\/wp-json\/wp\/v2\/media?parent=3002"}],"wp:term":[{"taxonomy":"category","embeddable":true,"href":"https:\/\/www.semjoncontemporary.com\/2022\/wp-json\/wp\/v2\/categories?post=3002"}],"curies":[{"name":"wp","href":"https:\/\/api.w.org\/{rel}","templated":true}]}}