{"id":2471,"date":"2022-01-17T21:26:02","date_gmt":"2022-01-17T21:26:02","guid":{"rendered":"https:\/\/www.semjoncontemporary.com\/2022\/?post_type=kuenstler&#038;p=2471"},"modified":"2024-03-12T20:33:35","modified_gmt":"2024-03-12T20:33:35","slug":"henrik-u-mueller","status":"publish","type":"kuenstler","link":"https:\/\/www.semjoncontemporary.com\/2022\/en\/kuenstler\/henrik-u-mueller\/","title":{"rendered":"Henrik U. M\u00fcller"},"content":{"rendered":"<p>[et_pb_section fb_built=&#8220;1&#8243; admin_label=&#8220;section&#8220; _builder_version=&#8220;4.16&#8243; background_color=&#8220;RGBA(255,255,255,0)&#8220; width=&#8220;100%&#8220; width_tablet=&#8220;100%&#8220; width_phone=&#8220;&#8220; width_last_edited=&#8220;on|tablet&#8220; global_colors_info=&#8220;{}&#8220;][et_pb_row _builder_version=&#8220;4.16&#8243; _module_preset=&#8220;default&#8220; global_colors_info=&#8220;{}&#8220;][et_pb_column type=&#8220;4_4&#8243; _builder_version=&#8220;4.16&#8243; _module_preset=&#8220;default&#8220; global_colors_info=&#8220;{}&#8220;][et_pb_text module_id=&#8220;werkgruppen&#8220; _builder_version=&#8220;4.16&#8243; _module_preset=&#8220;default&#8220; global_colors_info=&#8220;{}&#8220;]<\/p>\n<h1>Werkgruppen<\/h1>\n<p>[\/et_pb_text][et_pb_blog include_categories=&#8220;66&#8243; _builder_version=&#8220;4.16&#8243; _module_preset=&#8220;default&#8220; global_colors_info=&#8220;{}&#8220;][\/et_pb_blog][\/et_pb_column][\/et_pb_row][et_pb_row _builder_version=&#8220;4.16&#8243; _module_preset=&#8220;default&#8220; global_colors_info=&#8220;{}&#8220;][et_pb_column type=&#8220;4_4&#8243; _builder_version=&#8220;4.16&#8243; _module_preset=&#8220;default&#8220; global_colors_info=&#8220;{}&#8220;][et_pb_text module_id=&#8220;ausstellungen&#8220; _builder_version=&#8220;4.16&#8243; _module_preset=&#8220;default&#8220; global_colors_info=&#8220;{}&#8220;]<\/p>\n<h1>Ausstellungen<\/h1>\n<p>[\/et_pb_text][et_pb_blog include_categories=&#8220;67&#8243; admin_label=&#8220;Blog&#8220; _builder_version=&#8220;4.16&#8243; _module_preset=&#8220;default&#8220; header_level=&#8220;h4&#8243; border_width_all=&#8220;0px&#8220; global_colors_info=&#8220;{}&#8220;][\/et_pb_blog][\/et_pb_column][\/et_pb_row][et_pb_row _builder_version=&#8220;4.16&#8243; _module_preset=&#8220;default&#8220; width_tablet=&#8220;&#8220; width_phone=&#8220;&#8220; width_last_edited=&#8220;on|desktop&#8220; global_colors_info=&#8220;{}&#8220;][et_pb_column type=&#8220;4_4&#8243; _builder_version=&#8220;4.16&#8243; _module_preset=&#8220;default&#8220; global_colors_info=&#8220;{}&#8220;][et_pb_text module_id=&#8220;info&#8220; _builder_version=&#8220;4.16&#8243; _module_preset=&#8220;default&#8220; custom_padding=&#8220;||||false|false&#8220; global_colors_info=&#8220;{}&#8220;]<\/p>\n<h1>Info<\/h1>\n<p>[\/et_pb_text][et_pb_text _builder_version=&#8220;4.16&#8243; _module_preset=&#8220;default&#8220; global_colors_info=&#8220;{}&#8220;]<\/p>\n<p><strong>Henrik Urs M\u00fcller \u2013 das Tafelwerk\u00a0<\/p>\n<p><\/strong><\/p>\n<p>Das Hauptwerk von Henrik Urs M\u00fcller einzuordnen ist nicht ganz einfach: Man k\u00f6nnte es als Experimentelle Fotografie benennen. Die Anmutung ist aber eine andere, eine ganz eigene. Man sieht bzw. sp\u00fcrt sofort, dass die Grundlage des Werkes die Fotografie ist.<br \/>Das Tafelwerk, eine von Henrik Urs M\u00fcller seit den sp\u00e4ten Nuller-Jahren entwickelte eigenwillige Technik, um auch ein gro\u00dfes Bildwerk zu schaffen, ist ein Resultat seines pers\u00f6nlichen Handicaps. Seine rechte Hand ist nur eingeschr\u00e4nkt funktionsf\u00e4hig, was bedeutet, dass er allein keine gr\u00f6\u00dferen Formate handeln kann. Aus der Not ist eine Tugend geworden, aus der hier gar eine eigene Bildsprache durch den K\u00fcnstler entwickelt wurde: Die Addition kleiner Teile zu einem gro\u00dfen Ganzen, ausgedr\u00fcckt im Tafelwerk (eigentlich genauer: T\u00e4felchenwerk), das ein Komposit aus einzelnen Birkenholzt\u00e4felchen ist. Sie fungieren entweder als Tr\u00e4ger der verschiedenen Materialien und Schichtungen, oder sie werden auch visuell eingebunden, wenn der K\u00fcnstler bewusst transparente Stellen schafft, um das Holz f\u00fcr uns sichtbar \u201aatmen\u2018 zu lassen. Die Fotografie wird als Transferprint auf Folie gebracht und partiell mit Gold und Lack hinterlegt, oder auch mit letzterem \u00fcbermalt. Das Technik der Hinterglasmalerei kommt hier zum Einsatz.<\/p>\n<p>Das nicht perfekte Aneinanderreihen der einzelnen T\u00e4felchen zum gro\u00dfen Ganzen, ist ganz im M\u00fcller\u2018schen Sinne. Zus\u00e4tzlich werden dar\u00fcber bildimmanente Spannungen aufgebaut, weil die T\u00e4felchen selten im rechten Winkel zueinander stehen und gelegentlich auch leicht in den Raum gekippt wirken.<br \/>Das Gold ist f\u00fcr den K\u00fcnstler besonders wichtig. Es transzendiert den Raum und schafft abstrakte Verbindungen, die als geistige gelesen werden k\u00f6nnen. Zudem garantiert das Material, dass sich das Werk stetig am \u00c4ndern ist, weil es sehr sensibel auf die Ver\u00e4nderung der Lichtverh\u00e4ltnisse reagiert. Das Gold kann beim Sonnenuntergang gar purpurrot werden.<\/p>\n<p><strong>\u00a0<\/strong><\/p>\n<p>[\/et_pb_text][\/et_pb_column][\/et_pb_row][et_pb_row _builder_version=&#8220;4.16&#8243; _module_preset=&#8220;default&#8220; global_colors_info=&#8220;{}&#8220;][et_pb_column type=&#8220;4_4&#8243; _builder_version=&#8220;4.16&#8243; _module_preset=&#8220;default&#8220; global_colors_info=&#8220;{}&#8220;][et_pb_text module_id=&#8220;cv&#8220; _builder_version=&#8220;4.21.0&#8243; _module_preset=&#8220;default&#8220; global_colors_info=&#8220;{}&#8220;]<\/p>\n<h1><a href=\"https:\/\/www.semjoncontemporary.com\/2022\/wp-content\/uploads\/2022\/01\/HUM_resume_mL_2023.pdf\" rel=\"attachment wp-att-4852\">CV<\/a><\/h1>\n<p>[\/et_pb_text][et_pb_text _builder_version=&#8220;4.21.0&#8243; _module_preset=&#8220;default&#8220; global_colors_info=&#8220;{}&#8220;][\/et_pb_text][\/et_pb_column][\/et_pb_row][\/et_pb_section]<\/p>\n","protected":false},"featured_media":2498,"parent":0,"menu_order":14,"template":"","format":"standard","meta":{"_acf_changed":false,"_et_pb_use_builder":"on","_et_pb_old_content":"","_et_gb_content_width":""},"categories":[],"class_list":["post-2471","kuenstler","type-kuenstler","status-publish","format-standard","has-post-thumbnail","hentry"],"acf":[],"yoast_head":"<!-- This site is optimized with the Yoast SEO plugin v27.5 - https:\/\/yoast.com\/product\/yoast-seo-wordpress\/ -->\n<title>Henrik U. M\u00fcller - Semjon Contemporary<\/title>\n<meta name=\"robots\" content=\"index, follow, max-snippet:-1, max-image-preview:large, max-video-preview:-1\" \/>\n<link rel=\"canonical\" href=\"https:\/\/www.semjoncontemporary.com\/2022\/en\/kuenstler\/henrik-u-mueller\/\" \/>\n<meta property=\"og:locale\" content=\"en_US\" \/>\n<meta property=\"og:type\" content=\"article\" \/>\n<meta property=\"og:title\" content=\"Henrik U. M\u00fcller - Semjon Contemporary\" \/>\n<meta property=\"og:description\" content=\"WerkgruppenAusstellungenInfoHenrik Urs M\u00fcller \u2013 das Tafelwerk\u00a0 Das Hauptwerk von Henrik Urs M\u00fcller einzuordnen ist nicht ganz einfach: Man k\u00f6nnte es als Experimentelle Fotografie benennen. Die Anmutung ist aber eine andere, eine ganz eigene. Man sieht bzw. sp\u00fcrt sofort, dass die Grundlage des Werkes die Fotografie ist.Das Tafelwerk, eine von Henrik Urs M\u00fcller seit den sp\u00e4ten [&hellip;]\" \/>\n<meta property=\"og:url\" content=\"https:\/\/www.semjoncontemporary.com\/2022\/en\/kuenstler\/henrik-u-mueller\/\" \/>\n<meta property=\"og:site_name\" content=\"Semjon Contemporary\" \/>\n<meta property=\"article:publisher\" content=\"https:\/\/www.facebook.com\/semjon\/\" \/>\n<meta property=\"article:modified_time\" content=\"2024-03-12T20:33:35+00:00\" \/>\n<meta property=\"og:image\" content=\"https:\/\/www.semjoncontemporary.com\/2022\/wp-content\/uploads\/2022\/01\/HUM_2018_Fading07_Det_LH_2000.jpg\" \/>\n\t<meta property=\"og:image:width\" content=\"1920\" \/>\n\t<meta property=\"og:image:height\" content=\"1920\" \/>\n\t<meta property=\"og:image:type\" content=\"image\/jpeg\" \/>\n<meta name=\"twitter:card\" content=\"summary_large_image\" \/>\n<meta name=\"twitter:label1\" content=\"Est. reading time\" \/>\n\t<meta name=\"twitter:data1\" content=\"3 minutes\" \/>\n<script type=\"application\/ld+json\" class=\"yoast-schema-graph\">{\"@context\":\"https:\\\/\\\/schema.org\",\"@graph\":[{\"@type\":\"WebPage\",\"@id\":\"https:\\\/\\\/www.semjoncontemporary.com\\\/2022\\\/kuenstler\\\/henrik-u-mueller\\\/\",\"url\":\"https:\\\/\\\/www.semjoncontemporary.com\\\/2022\\\/kuenstler\\\/henrik-u-mueller\\\/\",\"name\":\"Henrik U. M\u00fcller - Semjon Contemporary\",\"isPartOf\":{\"@id\":\"https:\\\/\\\/www.semjoncontemporary.com\\\/2022\\\/#website\"},\"primaryImageOfPage\":{\"@id\":\"https:\\\/\\\/www.semjoncontemporary.com\\\/2022\\\/kuenstler\\\/henrik-u-mueller\\\/#primaryimage\"},\"image\":{\"@id\":\"https:\\\/\\\/www.semjoncontemporary.com\\\/2022\\\/kuenstler\\\/henrik-u-mueller\\\/#primaryimage\"},\"thumbnailUrl\":\"https:\\\/\\\/www.semjoncontemporary.com\\\/2022\\\/wp-content\\\/uploads\\\/2022\\\/01\\\/HUM_2018_Fading07_Det_LH_2000.jpg\",\"datePublished\":\"2022-01-17T21:26:02+00:00\",\"dateModified\":\"2024-03-12T20:33:35+00:00\",\"breadcrumb\":{\"@id\":\"https:\\\/\\\/www.semjoncontemporary.com\\\/2022\\\/kuenstler\\\/henrik-u-mueller\\\/#breadcrumb\"},\"inLanguage\":\"en-US\",\"potentialAction\":[{\"@type\":\"ReadAction\",\"target\":[\"https:\\\/\\\/www.semjoncontemporary.com\\\/2022\\\/kuenstler\\\/henrik-u-mueller\\\/\"]}]},{\"@type\":\"ImageObject\",\"inLanguage\":\"en-US\",\"@id\":\"https:\\\/\\\/www.semjoncontemporary.com\\\/2022\\\/kuenstler\\\/henrik-u-mueller\\\/#primaryimage\",\"url\":\"https:\\\/\\\/www.semjoncontemporary.com\\\/2022\\\/wp-content\\\/uploads\\\/2022\\\/01\\\/HUM_2018_Fading07_Det_LH_2000.jpg\",\"contentUrl\":\"https:\\\/\\\/www.semjoncontemporary.com\\\/2022\\\/wp-content\\\/uploads\\\/2022\\\/01\\\/HUM_2018_Fading07_Det_LH_2000.jpg\",\"width\":1920,\"height\":1920},{\"@type\":\"BreadcrumbList\",\"@id\":\"https:\\\/\\\/www.semjoncontemporary.com\\\/2022\\\/kuenstler\\\/henrik-u-mueller\\\/#breadcrumb\",\"itemListElement\":[{\"@type\":\"ListItem\",\"position\":1,\"name\":\"Startseite\",\"item\":\"https:\\\/\\\/www.semjoncontemporary.com\\\/2022\\\/\"},{\"@type\":\"ListItem\",\"position\":2,\"name\":\"Henrik U. M\u00fcller\"}]},{\"@type\":\"WebSite\",\"@id\":\"https:\\\/\\\/www.semjoncontemporary.com\\\/2022\\\/#website\",\"url\":\"https:\\\/\\\/www.semjoncontemporary.com\\\/2022\\\/\",\"name\":\"Semjon Contemporary\",\"description\":\"Galerie f\u00fcr zeitgen\u00f6ssische Kunst\",\"publisher\":{\"@id\":\"https:\\\/\\\/www.semjoncontemporary.com\\\/2022\\\/#organization\"},\"potentialAction\":[{\"@type\":\"SearchAction\",\"target\":{\"@type\":\"EntryPoint\",\"urlTemplate\":\"https:\\\/\\\/www.semjoncontemporary.com\\\/2022\\\/?s={search_term_string}\"},\"query-input\":{\"@type\":\"PropertyValueSpecification\",\"valueRequired\":true,\"valueName\":\"search_term_string\"}}],\"inLanguage\":\"en-US\"},{\"@type\":\"Organization\",\"@id\":\"https:\\\/\\\/www.semjoncontemporary.com\\\/2022\\\/#organization\",\"name\":\"Semjon Contemporary\",\"url\":\"https:\\\/\\\/www.semjoncontemporary.com\\\/2022\\\/\",\"logo\":{\"@type\":\"ImageObject\",\"inLanguage\":\"en-US\",\"@id\":\"https:\\\/\\\/www.semjoncontemporary.com\\\/2022\\\/#\\\/schema\\\/logo\\\/image\\\/\",\"url\":\"https:\\\/\\\/www.semjoncontemporary.com\\\/2022\\\/wp-content\\\/uploads\\\/2021\\\/11\\\/SC-logo.png\",\"contentUrl\":\"https:\\\/\\\/www.semjoncontemporary.com\\\/2022\\\/wp-content\\\/uploads\\\/2021\\\/11\\\/SC-logo.png\",\"width\":2221,\"height\":512,\"caption\":\"Semjon Contemporary\"},\"image\":{\"@id\":\"https:\\\/\\\/www.semjoncontemporary.com\\\/2022\\\/#\\\/schema\\\/logo\\\/image\\\/\"},\"sameAs\":[\"https:\\\/\\\/www.facebook.com\\\/semjon\\\/\",\"https:\\\/\\\/www.instagram.com\\\/semjoncontemporary\"]}]}<\/script>\n<!-- \/ Yoast SEO plugin. -->","yoast_head_json":{"title":"Henrik U. M\u00fcller - Semjon Contemporary","robots":{"index":"index","follow":"follow","max-snippet":"max-snippet:-1","max-image-preview":"max-image-preview:large","max-video-preview":"max-video-preview:-1"},"canonical":"https:\/\/www.semjoncontemporary.com\/2022\/en\/kuenstler\/henrik-u-mueller\/","og_locale":"en_US","og_type":"article","og_title":"Henrik U. M\u00fcller - Semjon Contemporary","og_description":"WerkgruppenAusstellungenInfoHenrik Urs M\u00fcller \u2013 das Tafelwerk\u00a0 Das Hauptwerk von Henrik Urs M\u00fcller einzuordnen ist nicht ganz einfach: Man k\u00f6nnte es als Experimentelle Fotografie benennen. Die Anmutung ist aber eine andere, eine ganz eigene. Man sieht bzw. sp\u00fcrt sofort, dass die Grundlage des Werkes die Fotografie ist.Das Tafelwerk, eine von Henrik Urs M\u00fcller seit den sp\u00e4ten [&hellip;]","og_url":"https:\/\/www.semjoncontemporary.com\/2022\/en\/kuenstler\/henrik-u-mueller\/","og_site_name":"Semjon Contemporary","article_publisher":"https:\/\/www.facebook.com\/semjon\/","article_modified_time":"2024-03-12T20:33:35+00:00","og_image":[{"width":1920,"height":1920,"url":"https:\/\/www.semjoncontemporary.com\/2022\/wp-content\/uploads\/2022\/01\/HUM_2018_Fading07_Det_LH_2000.jpg","type":"image\/jpeg"}],"twitter_card":"summary_large_image","twitter_misc":{"Est. reading time":"3 minutes"},"schema":{"@context":"https:\/\/schema.org","@graph":[{"@type":"WebPage","@id":"https:\/\/www.semjoncontemporary.com\/2022\/kuenstler\/henrik-u-mueller\/","url":"https:\/\/www.semjoncontemporary.com\/2022\/kuenstler\/henrik-u-mueller\/","name":"Henrik U. M\u00fcller - Semjon Contemporary","isPartOf":{"@id":"https:\/\/www.semjoncontemporary.com\/2022\/#website"},"primaryImageOfPage":{"@id":"https:\/\/www.semjoncontemporary.com\/2022\/kuenstler\/henrik-u-mueller\/#primaryimage"},"image":{"@id":"https:\/\/www.semjoncontemporary.com\/2022\/kuenstler\/henrik-u-mueller\/#primaryimage"},"thumbnailUrl":"https:\/\/www.semjoncontemporary.com\/2022\/wp-content\/uploads\/2022\/01\/HUM_2018_Fading07_Det_LH_2000.jpg","datePublished":"2022-01-17T21:26:02+00:00","dateModified":"2024-03-12T20:33:35+00:00","breadcrumb":{"@id":"https:\/\/www.semjoncontemporary.com\/2022\/kuenstler\/henrik-u-mueller\/#breadcrumb"},"inLanguage":"en-US","potentialAction":[{"@type":"ReadAction","target":["https:\/\/www.semjoncontemporary.com\/2022\/kuenstler\/henrik-u-mueller\/"]}]},{"@type":"ImageObject","inLanguage":"en-US","@id":"https:\/\/www.semjoncontemporary.com\/2022\/kuenstler\/henrik-u-mueller\/#primaryimage","url":"https:\/\/www.semjoncontemporary.com\/2022\/wp-content\/uploads\/2022\/01\/HUM_2018_Fading07_Det_LH_2000.jpg","contentUrl":"https:\/\/www.semjoncontemporary.com\/2022\/wp-content\/uploads\/2022\/01\/HUM_2018_Fading07_Det_LH_2000.jpg","width":1920,"height":1920},{"@type":"BreadcrumbList","@id":"https:\/\/www.semjoncontemporary.com\/2022\/kuenstler\/henrik-u-mueller\/#breadcrumb","itemListElement":[{"@type":"ListItem","position":1,"name":"Startseite","item":"https:\/\/www.semjoncontemporary.com\/2022\/"},{"@type":"ListItem","position":2,"name":"Henrik U. M\u00fcller"}]},{"@type":"WebSite","@id":"https:\/\/www.semjoncontemporary.com\/2022\/#website","url":"https:\/\/www.semjoncontemporary.com\/2022\/","name":"Semjon Contemporary","description":"Galerie f\u00fcr zeitgen\u00f6ssische Kunst","publisher":{"@id":"https:\/\/www.semjoncontemporary.com\/2022\/#organization"},"potentialAction":[{"@type":"SearchAction","target":{"@type":"EntryPoint","urlTemplate":"https:\/\/www.semjoncontemporary.com\/2022\/?s={search_term_string}"},"query-input":{"@type":"PropertyValueSpecification","valueRequired":true,"valueName":"search_term_string"}}],"inLanguage":"en-US"},{"@type":"Organization","@id":"https:\/\/www.semjoncontemporary.com\/2022\/#organization","name":"Semjon Contemporary","url":"https:\/\/www.semjoncontemporary.com\/2022\/","logo":{"@type":"ImageObject","inLanguage":"en-US","@id":"https:\/\/www.semjoncontemporary.com\/2022\/#\/schema\/logo\/image\/","url":"https:\/\/www.semjoncontemporary.com\/2022\/wp-content\/uploads\/2021\/11\/SC-logo.png","contentUrl":"https:\/\/www.semjoncontemporary.com\/2022\/wp-content\/uploads\/2021\/11\/SC-logo.png","width":2221,"height":512,"caption":"Semjon Contemporary"},"image":{"@id":"https:\/\/www.semjoncontemporary.com\/2022\/#\/schema\/logo\/image\/"},"sameAs":["https:\/\/www.facebook.com\/semjon\/","https:\/\/www.instagram.com\/semjoncontemporary"]}]}},"_links":{"self":[{"href":"https:\/\/www.semjoncontemporary.com\/2022\/en\/wp-json\/wp\/v2\/kuenstler\/2471","targetHints":{"allow":["GET"]}}],"collection":[{"href":"https:\/\/www.semjoncontemporary.com\/2022\/en\/wp-json\/wp\/v2\/kuenstler"}],"about":[{"href":"https:\/\/www.semjoncontemporary.com\/2022\/en\/wp-json\/wp\/v2\/types\/kuenstler"}],"wp:featuredmedia":[{"embeddable":true,"href":"https:\/\/www.semjoncontemporary.com\/2022\/en\/wp-json\/wp\/v2\/media\/2498"}],"wp:attachment":[{"href":"https:\/\/www.semjoncontemporary.com\/2022\/en\/wp-json\/wp\/v2\/media?parent=2471"}],"wp:term":[{"taxonomy":"category","embeddable":true,"href":"https:\/\/www.semjoncontemporary.com\/2022\/en\/wp-json\/wp\/v2\/categories?post=2471"}],"curies":[{"name":"wp","href":"https:\/\/api.w.org\/{rel}","templated":true}]}}