{"id":1953,"date":"2021-12-28T22:15:50","date_gmt":"2021-12-28T22:15:50","guid":{"rendered":"https:\/\/www.semjoncontemporary.com\/2022\/?post_type=kuenstler&#038;p=1953"},"modified":"2024-03-02T21:21:44","modified_gmt":"2024-03-02T21:21:44","slug":"thomas-prochnow","status":"publish","type":"kuenstler","link":"https:\/\/www.semjoncontemporary.com\/2022\/en\/kuenstler\/thomas-prochnow\/","title":{"rendered":"Thomas Prochnow"},"content":{"rendered":"<p>[et_pb_section fb_built=&#8220;1&#8243; admin_label=&#8220;section&#8220; _builder_version=&#8220;4.16&#8243; background_color=&#8220;RGBA(255,255,255,0)&#8220; width=&#8220;100%&#8220; width_tablet=&#8220;100%&#8220; width_phone=&#8220;&#8220; width_last_edited=&#8220;on|tablet&#8220; global_colors_info=&#8220;{}&#8220;][et_pb_row _builder_version=&#8220;4.16&#8243; _module_preset=&#8220;default&#8220; global_colors_info=&#8220;{}&#8220;][et_pb_column type=&#8220;4_4&#8243; _builder_version=&#8220;4.16&#8243; _module_preset=&#8220;default&#8220; global_colors_info=&#8220;{}&#8220;][et_pb_text module_id=&#8220;werkgruppen&#8220; _builder_version=&#8220;4.16&#8243; _module_preset=&#8220;default&#8220; global_colors_info=&#8220;{}&#8220;]<\/p>\n<h1>Werkgruppen<\/h1>\n<p>[\/et_pb_text][et_pb_blog include_categories=&#8220;41&#8243; _builder_version=&#8220;4.24.2&#8243; _module_preset=&#8220;default&#8220; hover_enabled=&#8220;0&#8243; global_colors_info=&#8220;{}&#8220; sticky_enabled=&#8220;0&#8243;][\/et_pb_blog][\/et_pb_column][\/et_pb_row][et_pb_row _builder_version=&#8220;4.16&#8243; _module_preset=&#8220;default&#8220; global_colors_info=&#8220;{}&#8220;][et_pb_column type=&#8220;4_4&#8243; _builder_version=&#8220;4.16&#8243; _module_preset=&#8220;default&#8220; global_colors_info=&#8220;{}&#8220;][et_pb_text module_id=&#8220;ausstellungen&#8220; _builder_version=&#8220;4.16&#8243; _module_preset=&#8220;default&#8220; global_colors_info=&#8220;{}&#8220;]<\/p>\n<h1>Ausstellungen<\/h1>\n<p>[\/et_pb_text][et_pb_blog include_categories=&#8220;98&#8243; _builder_version=&#8220;4.16&#8243; _module_preset=&#8220;default&#8220; global_colors_info=&#8220;{}&#8220;][\/et_pb_blog][\/et_pb_column][\/et_pb_row][et_pb_row _builder_version=&#8220;4.16&#8243; _module_preset=&#8220;default&#8220; width_tablet=&#8220;&#8220; width_phone=&#8220;&#8220; width_last_edited=&#8220;on|desktop&#8220; global_colors_info=&#8220;{}&#8220;][et_pb_column type=&#8220;4_4&#8243; _builder_version=&#8220;4.16&#8243; _module_preset=&#8220;default&#8220; global_colors_info=&#8220;{}&#8220;][et_pb_text module_id=&#8220;info&#8220; _builder_version=&#8220;4.21.0&#8243; _module_preset=&#8220;default&#8220; custom_padding=&#8220;||||false|false&#8220; global_colors_info=&#8220;{}&#8220;]<\/p>\n<h1>Info<\/h1>\n<p>[\/et_pb_text][et_pb_text _builder_version=&#8220;4.21.0&#8243; _module_preset=&#8220;default&#8220; global_colors_info=&#8220;{}&#8220;]<\/p>\n<p><span style=\"font-size: 18pt;\"><strong>Thomas Prochnow \u2013 Norm versus Leben<\/strong><\/span><\/p>\n<p><span style=\"font-size: 18pt;\">Thomas Prochnows zahlreiche Werkgruppen kreisen immer wieder um das Thema der Norm, als ein Regelwerk von z. B. Gr\u00f6\u00dfen oder Materialeigenschaften, die f\u00fcr die Fertigungsprozesse in der Industrie ausschlaggebend sind. Die Norm garantiert das Funktionieren von Verfahrensabl\u00e4ufen, wie z.B, die Din A4-Blattgr\u00f6\u00dfe, nach der ein Gro\u00dfteil der digitalen Drucker f\u00fcr B\u00fcro und Heim ausgerichtet sind.<\/span><br \/><span style=\"font-size: 18pt;\">Wenn Thomas Prochnow die Normgr\u00f6\u00dfe als Ma\u00df und Imperativ seiner eigenen Werkgruppen nimmt, dann nicht ohne Hintersinn: Er will die Radikalit\u00e4t der Norm brechen und dem Ding eine Seele einhauchen. Dazu nutzt er alle m\u00f6glichen Materialien, seien es Industriematerialien (die h\u00e4ufig selbst aus der Norm geboren sind), oder aber auch Abfallst\u00fccke eigener Fertigungsprozesse. Oft gilt hier gar eine Ressourcen schonende Nachhaltigkeit: z.B. wird Bauholz f\u00fcr den Raum erobernde und neu definierende Installationen nach dem Abbau zu einem weiteren Werkstoff zerkleinert und in passende Formst\u00fccke ges\u00e4gt.<\/span><\/p>\n<p><span style=\"font-size: 18pt;\">Eine weitere wichtige Werkgruppe ist die k\u00fcnstlerische Fotografie, die sich wiederum spei\u00dft aus interventionistischen Street Art-Aktionen im \u2013 so nennt er ihn, den \u00bbZweiten \u00d6ffentlichen Raum\u00ab. Der einsame, fast eremitenhafte Eingriff des K\u00fcnstlers in diese R\u00e4ume wird uns durch die klug inszenierte Fotografie \u00fcberliefert, und durch sie nehmen wir Teil anseinen pionierhaften und zugleich hoch\u00e4sthetischen Raumerober-ungen.<\/span><\/p>\n<p>[\/et_pb_text][\/et_pb_column][\/et_pb_row][et_pb_row _builder_version=&#8220;4.16&#8243; _module_preset=&#8220;default&#8220; global_colors_info=&#8220;{}&#8220;][et_pb_column type=&#8220;4_4&#8243; _builder_version=&#8220;4.16&#8243; _module_preset=&#8220;default&#8220; global_colors_info=&#8220;{}&#8220;][et_pb_text module_id=&#8220;cv&#8220; _builder_version=&#8220;4.24.0&#8243; _module_preset=&#8220;default&#8220; global_colors_info=&#8220;{}&#8220;]<\/p>\n<h1><a href=\"https:\/\/www.semjoncontemporary.com\/2022\/wp-content\/uploads\/2024\/02\/TP_CV_mL_2024.pdf\">CV<\/a><\/h1>\n<p>[\/et_pb_text][\/et_pb_column][\/et_pb_row][\/et_pb_section]<\/p>\n","protected":false},"featured_media":5837,"parent":0,"menu_order":15,"template":"","format":"standard","meta":{"_acf_changed":false,"_et_pb_use_builder":"on","_et_pb_old_content":"","_et_gb_content_width":""},"categories":[],"class_list":["post-1953","kuenstler","type-kuenstler","status-publish","format-standard","has-post-thumbnail","hentry"],"acf":[],"yoast_head":"<!-- This site is optimized with the Yoast SEO plugin v27.4 - https:\/\/yoast.com\/product\/yoast-seo-wordpress\/ -->\n<title>Thomas Prochnow - Semjon Contemporary<\/title>\n<meta name=\"robots\" content=\"index, follow, max-snippet:-1, max-image-preview:large, max-video-preview:-1\" \/>\n<link rel=\"canonical\" href=\"https:\/\/www.semjoncontemporary.com\/2022\/en\/kuenstler\/thomas-prochnow\/\" \/>\n<meta property=\"og:locale\" content=\"en_US\" \/>\n<meta property=\"og:type\" content=\"article\" \/>\n<meta property=\"og:title\" content=\"Thomas Prochnow - Semjon Contemporary\" \/>\n<meta property=\"og:description\" content=\"WerkgruppenAusstellungenInfoThomas Prochnow \u2013 Norm versus Leben Thomas Prochnows zahlreiche Werkgruppen kreisen immer wieder um das Thema der Norm, als ein Regelwerk von z. B. Gr\u00f6\u00dfen oder Materialeigenschaften, die f\u00fcr die Fertigungsprozesse in der Industrie ausschlaggebend sind. Die Norm garantiert das Funktionieren von Verfahrensabl\u00e4ufen, wie z.B, die Din A4-Blattgr\u00f6\u00dfe, nach der ein Gro\u00dfteil der digitalen Drucker [&hellip;]\" \/>\n<meta property=\"og:url\" content=\"https:\/\/www.semjoncontemporary.com\/2022\/en\/kuenstler\/thomas-prochnow\/\" \/>\n<meta property=\"og:site_name\" content=\"Semjon Contemporary\" \/>\n<meta property=\"article:publisher\" content=\"https:\/\/www.facebook.com\/semjon\/\" \/>\n<meta property=\"article:modified_time\" content=\"2024-03-02T21:21:44+00:00\" \/>\n<meta property=\"og:image\" content=\"https:\/\/www.semjoncontemporary.com\/2022\/wp-content\/uploads\/2024\/02\/TP_2024_Kirstallo3_1_DSC7592_TP_2000.jpg\" \/>\n\t<meta property=\"og:image:width\" content=\"2000\" \/>\n\t<meta property=\"og:image:height\" content=\"1333\" \/>\n\t<meta property=\"og:image:type\" content=\"image\/jpeg\" \/>\n<meta name=\"twitter:card\" content=\"summary_large_image\" \/>\n<meta name=\"twitter:label1\" content=\"Est. reading time\" \/>\n\t<meta name=\"twitter:data1\" content=\"3 minutes\" \/>\n<script type=\"application\/ld+json\" class=\"yoast-schema-graph\">{\"@context\":\"https:\\\/\\\/schema.org\",\"@graph\":[{\"@type\":\"WebPage\",\"@id\":\"https:\\\/\\\/www.semjoncontemporary.com\\\/2022\\\/kuenstler\\\/thomas-prochnow\\\/\",\"url\":\"https:\\\/\\\/www.semjoncontemporary.com\\\/2022\\\/kuenstler\\\/thomas-prochnow\\\/\",\"name\":\"Thomas Prochnow - Semjon Contemporary\",\"isPartOf\":{\"@id\":\"https:\\\/\\\/www.semjoncontemporary.com\\\/2022\\\/#website\"},\"primaryImageOfPage\":{\"@id\":\"https:\\\/\\\/www.semjoncontemporary.com\\\/2022\\\/kuenstler\\\/thomas-prochnow\\\/#primaryimage\"},\"image\":{\"@id\":\"https:\\\/\\\/www.semjoncontemporary.com\\\/2022\\\/kuenstler\\\/thomas-prochnow\\\/#primaryimage\"},\"thumbnailUrl\":\"https:\\\/\\\/www.semjoncontemporary.com\\\/2022\\\/wp-content\\\/uploads\\\/2024\\\/02\\\/TP_2024_Kirstallo3_1_DSC7592_TP_2000.jpg\",\"datePublished\":\"2021-12-28T22:15:50+00:00\",\"dateModified\":\"2024-03-02T21:21:44+00:00\",\"breadcrumb\":{\"@id\":\"https:\\\/\\\/www.semjoncontemporary.com\\\/2022\\\/kuenstler\\\/thomas-prochnow\\\/#breadcrumb\"},\"inLanguage\":\"en-US\",\"potentialAction\":[{\"@type\":\"ReadAction\",\"target\":[\"https:\\\/\\\/www.semjoncontemporary.com\\\/2022\\\/kuenstler\\\/thomas-prochnow\\\/\"]}]},{\"@type\":\"ImageObject\",\"inLanguage\":\"en-US\",\"@id\":\"https:\\\/\\\/www.semjoncontemporary.com\\\/2022\\\/kuenstler\\\/thomas-prochnow\\\/#primaryimage\",\"url\":\"https:\\\/\\\/www.semjoncontemporary.com\\\/2022\\\/wp-content\\\/uploads\\\/2024\\\/02\\\/TP_2024_Kirstallo3_1_DSC7592_TP_2000.jpg\",\"contentUrl\":\"https:\\\/\\\/www.semjoncontemporary.com\\\/2022\\\/wp-content\\\/uploads\\\/2024\\\/02\\\/TP_2024_Kirstallo3_1_DSC7592_TP_2000.jpg\",\"width\":2000,\"height\":1333},{\"@type\":\"BreadcrumbList\",\"@id\":\"https:\\\/\\\/www.semjoncontemporary.com\\\/2022\\\/kuenstler\\\/thomas-prochnow\\\/#breadcrumb\",\"itemListElement\":[{\"@type\":\"ListItem\",\"position\":1,\"name\":\"Startseite\",\"item\":\"https:\\\/\\\/www.semjoncontemporary.com\\\/2022\\\/\"},{\"@type\":\"ListItem\",\"position\":2,\"name\":\"Thomas Prochnow\"}]},{\"@type\":\"WebSite\",\"@id\":\"https:\\\/\\\/www.semjoncontemporary.com\\\/2022\\\/#website\",\"url\":\"https:\\\/\\\/www.semjoncontemporary.com\\\/2022\\\/\",\"name\":\"Semjon Contemporary\",\"description\":\"Galerie f\u00fcr zeitgen\u00f6ssische Kunst\",\"publisher\":{\"@id\":\"https:\\\/\\\/www.semjoncontemporary.com\\\/2022\\\/#organization\"},\"potentialAction\":[{\"@type\":\"SearchAction\",\"target\":{\"@type\":\"EntryPoint\",\"urlTemplate\":\"https:\\\/\\\/www.semjoncontemporary.com\\\/2022\\\/?s={search_term_string}\"},\"query-input\":{\"@type\":\"PropertyValueSpecification\",\"valueRequired\":true,\"valueName\":\"search_term_string\"}}],\"inLanguage\":\"en-US\"},{\"@type\":\"Organization\",\"@id\":\"https:\\\/\\\/www.semjoncontemporary.com\\\/2022\\\/#organization\",\"name\":\"Semjon Contemporary\",\"url\":\"https:\\\/\\\/www.semjoncontemporary.com\\\/2022\\\/\",\"logo\":{\"@type\":\"ImageObject\",\"inLanguage\":\"en-US\",\"@id\":\"https:\\\/\\\/www.semjoncontemporary.com\\\/2022\\\/#\\\/schema\\\/logo\\\/image\\\/\",\"url\":\"https:\\\/\\\/www.semjoncontemporary.com\\\/2022\\\/wp-content\\\/uploads\\\/2021\\\/11\\\/SC-logo.png\",\"contentUrl\":\"https:\\\/\\\/www.semjoncontemporary.com\\\/2022\\\/wp-content\\\/uploads\\\/2021\\\/11\\\/SC-logo.png\",\"width\":2221,\"height\":512,\"caption\":\"Semjon Contemporary\"},\"image\":{\"@id\":\"https:\\\/\\\/www.semjoncontemporary.com\\\/2022\\\/#\\\/schema\\\/logo\\\/image\\\/\"},\"sameAs\":[\"https:\\\/\\\/www.facebook.com\\\/semjon\\\/\",\"https:\\\/\\\/www.instagram.com\\\/semjoncontemporary\"]}]}<\/script>\n<!-- \/ Yoast SEO plugin. -->","yoast_head_json":{"title":"Thomas Prochnow - Semjon Contemporary","robots":{"index":"index","follow":"follow","max-snippet":"max-snippet:-1","max-image-preview":"max-image-preview:large","max-video-preview":"max-video-preview:-1"},"canonical":"https:\/\/www.semjoncontemporary.com\/2022\/en\/kuenstler\/thomas-prochnow\/","og_locale":"en_US","og_type":"article","og_title":"Thomas Prochnow - Semjon Contemporary","og_description":"WerkgruppenAusstellungenInfoThomas Prochnow \u2013 Norm versus Leben Thomas Prochnows zahlreiche Werkgruppen kreisen immer wieder um das Thema der Norm, als ein Regelwerk von z. B. Gr\u00f6\u00dfen oder Materialeigenschaften, die f\u00fcr die Fertigungsprozesse in der Industrie ausschlaggebend sind. Die Norm garantiert das Funktionieren von Verfahrensabl\u00e4ufen, wie z.B, die Din A4-Blattgr\u00f6\u00dfe, nach der ein Gro\u00dfteil der digitalen Drucker [&hellip;]","og_url":"https:\/\/www.semjoncontemporary.com\/2022\/en\/kuenstler\/thomas-prochnow\/","og_site_name":"Semjon Contemporary","article_publisher":"https:\/\/www.facebook.com\/semjon\/","article_modified_time":"2024-03-02T21:21:44+00:00","og_image":[{"width":2000,"height":1333,"url":"https:\/\/www.semjoncontemporary.com\/2022\/wp-content\/uploads\/2024\/02\/TP_2024_Kirstallo3_1_DSC7592_TP_2000.jpg","type":"image\/jpeg"}],"twitter_card":"summary_large_image","twitter_misc":{"Est. reading time":"3 minutes"},"schema":{"@context":"https:\/\/schema.org","@graph":[{"@type":"WebPage","@id":"https:\/\/www.semjoncontemporary.com\/2022\/kuenstler\/thomas-prochnow\/","url":"https:\/\/www.semjoncontemporary.com\/2022\/kuenstler\/thomas-prochnow\/","name":"Thomas Prochnow - Semjon Contemporary","isPartOf":{"@id":"https:\/\/www.semjoncontemporary.com\/2022\/#website"},"primaryImageOfPage":{"@id":"https:\/\/www.semjoncontemporary.com\/2022\/kuenstler\/thomas-prochnow\/#primaryimage"},"image":{"@id":"https:\/\/www.semjoncontemporary.com\/2022\/kuenstler\/thomas-prochnow\/#primaryimage"},"thumbnailUrl":"https:\/\/www.semjoncontemporary.com\/2022\/wp-content\/uploads\/2024\/02\/TP_2024_Kirstallo3_1_DSC7592_TP_2000.jpg","datePublished":"2021-12-28T22:15:50+00:00","dateModified":"2024-03-02T21:21:44+00:00","breadcrumb":{"@id":"https:\/\/www.semjoncontemporary.com\/2022\/kuenstler\/thomas-prochnow\/#breadcrumb"},"inLanguage":"en-US","potentialAction":[{"@type":"ReadAction","target":["https:\/\/www.semjoncontemporary.com\/2022\/kuenstler\/thomas-prochnow\/"]}]},{"@type":"ImageObject","inLanguage":"en-US","@id":"https:\/\/www.semjoncontemporary.com\/2022\/kuenstler\/thomas-prochnow\/#primaryimage","url":"https:\/\/www.semjoncontemporary.com\/2022\/wp-content\/uploads\/2024\/02\/TP_2024_Kirstallo3_1_DSC7592_TP_2000.jpg","contentUrl":"https:\/\/www.semjoncontemporary.com\/2022\/wp-content\/uploads\/2024\/02\/TP_2024_Kirstallo3_1_DSC7592_TP_2000.jpg","width":2000,"height":1333},{"@type":"BreadcrumbList","@id":"https:\/\/www.semjoncontemporary.com\/2022\/kuenstler\/thomas-prochnow\/#breadcrumb","itemListElement":[{"@type":"ListItem","position":1,"name":"Startseite","item":"https:\/\/www.semjoncontemporary.com\/2022\/"},{"@type":"ListItem","position":2,"name":"Thomas Prochnow"}]},{"@type":"WebSite","@id":"https:\/\/www.semjoncontemporary.com\/2022\/#website","url":"https:\/\/www.semjoncontemporary.com\/2022\/","name":"Semjon Contemporary","description":"Galerie f\u00fcr zeitgen\u00f6ssische Kunst","publisher":{"@id":"https:\/\/www.semjoncontemporary.com\/2022\/#organization"},"potentialAction":[{"@type":"SearchAction","target":{"@type":"EntryPoint","urlTemplate":"https:\/\/www.semjoncontemporary.com\/2022\/?s={search_term_string}"},"query-input":{"@type":"PropertyValueSpecification","valueRequired":true,"valueName":"search_term_string"}}],"inLanguage":"en-US"},{"@type":"Organization","@id":"https:\/\/www.semjoncontemporary.com\/2022\/#organization","name":"Semjon Contemporary","url":"https:\/\/www.semjoncontemporary.com\/2022\/","logo":{"@type":"ImageObject","inLanguage":"en-US","@id":"https:\/\/www.semjoncontemporary.com\/2022\/#\/schema\/logo\/image\/","url":"https:\/\/www.semjoncontemporary.com\/2022\/wp-content\/uploads\/2021\/11\/SC-logo.png","contentUrl":"https:\/\/www.semjoncontemporary.com\/2022\/wp-content\/uploads\/2021\/11\/SC-logo.png","width":2221,"height":512,"caption":"Semjon Contemporary"},"image":{"@id":"https:\/\/www.semjoncontemporary.com\/2022\/#\/schema\/logo\/image\/"},"sameAs":["https:\/\/www.facebook.com\/semjon\/","https:\/\/www.instagram.com\/semjoncontemporary"]}]}},"_links":{"self":[{"href":"https:\/\/www.semjoncontemporary.com\/2022\/en\/wp-json\/wp\/v2\/kuenstler\/1953","targetHints":{"allow":["GET"]}}],"collection":[{"href":"https:\/\/www.semjoncontemporary.com\/2022\/en\/wp-json\/wp\/v2\/kuenstler"}],"about":[{"href":"https:\/\/www.semjoncontemporary.com\/2022\/en\/wp-json\/wp\/v2\/types\/kuenstler"}],"wp:featuredmedia":[{"embeddable":true,"href":"https:\/\/www.semjoncontemporary.com\/2022\/en\/wp-json\/wp\/v2\/media\/5837"}],"wp:attachment":[{"href":"https:\/\/www.semjoncontemporary.com\/2022\/en\/wp-json\/wp\/v2\/media?parent=1953"}],"wp:term":[{"taxonomy":"category","embeddable":true,"href":"https:\/\/www.semjoncontemporary.com\/2022\/en\/wp-json\/wp\/v2\/categories?post=1953"}],"curies":[{"name":"wp","href":"https:\/\/api.w.org\/{rel}","templated":true}]}}