{"id":3342,"date":"2022-02-08T13:17:37","date_gmt":"2022-02-08T13:17:37","guid":{"rendered":"https:\/\/www.semjoncontemporary.com\/2022\/?post_type=ausstellungen&#038;p=3342"},"modified":"2022-02-09T14:45:20","modified_gmt":"2022-02-09T14:45:20","slug":"2020-edit-2-0-zwoer","status":"publish","type":"ausstellungen","link":"https:\/\/www.semjoncontemporary.com\/2022\/en\/ausstellungen\/2020-edit-2-0-zwoer\/","title":{"rendered":"2020 \u2013 Zw\u00d6R"},"content":{"rendered":"<p>[et_pb_section fb_built=&#8220;1&#8243; admin_label=&#8220;section&#8220; _builder_version=&#8220;3.22&#8243; global_colors_info=&#8220;{}&#8220;][et_pb_row admin_label=&#8220;row&#8220; _builder_version=&#8220;3.25&#8243; background_size=&#8220;initial&#8220; background_position=&#8220;top_left&#8220; background_repeat=&#8220;repeat&#8220; global_colors_info=&#8220;{}&#8220;][et_pb_column type=&#8220;4_4&#8243; _builder_version=&#8220;3.25&#8243; custom_padding=&#8220;|||&#8220; global_colors_info=&#8220;{}&#8220; custom_padding__hover=&#8220;|||&#8220;][et_pb_gallery gallery_ids=&#8220;3345,3375,3374,3373,3369,3376,3344,3346,3371,3347,3370,3377&#8243; posts_number=&#8220;24&#8243; _builder_version=&#8220;4.14.7&#8243; _module_preset=&#8220;default&#8220; global_colors_info=&#8220;{}&#8220;][\/et_pb_gallery][et_pb_text _builder_version=&#8220;4.14.7&#8243; _module_preset=&#8220;default&#8220; global_colors_info=&#8220;{}&#8220;]<\/p>\n<div>\n<p>&nbsp;<\/p>\n<p><strong>Der Zweite \u00d6ffentliche Raum\u00a0<\/strong><br \/>(Parallelausstellung zu <em>edit-2.0<\/em>)<br \/>24.10. \u2013 28. 11.2020<\/p>\n<p class=\"KeinAbsatzformat\">Die Werke aus seiner Serie <i>Der Zweite \u00d6ffentliche Raum<\/i> sind allesamt Farbfotografien, als Pigmentdruck auf Fine-Art-Papier umgesetzt. Die k\u00fcnstlerische Fotografie ist der letzte materialisierte Arbeitsschritt seiner von langer Hand vorbereiteten Rauminterventionen. Dieses Medium darf und soll auch \u00fcberleben, die Grundlage daf\u00fcr, der k\u00fcnstlerische Eingriff in vorgefundenen R\u00e4umen, ist jedoch dem Schicksal preisgegeben:<br \/>Der K\u00fcnstler kommt von der ostdeutschen Graffiti\/Street-Art-Szene der Nachwendezeit und hat im Laufe der Jahre eine autarke, streng formale Sprache entwickelt, sicherlich ein Resultat seines Studiums an der Hochschule f\u00fcr Bildende K\u00fcnste in Dresden, u.a. bei Monika Brandmeier, und seiner intensiven Auseinandersetzung mit der Geschichte der Konstruktiven Kunst.<br \/>Seine Eingriffe in dem vom K\u00fcnstler sogenannten <i>Zweiten \u00d6ffentlichen Raum<\/i> sind stets von intelligenter Art und bestechen durch die Sch\u00f6nheit des Kontrastes zwischen minimalistischen k\u00fcnstlerischen Eingriffen und der uns in der Fotografie \u00fcberlieferten Sch\u00f6nheit malerischer verlassener Orte mit den Spuren von ehemaligem Leben, seien es Industrieruinen, Bunker oder unwirtliche, technoide Stra\u00dfenarchitekturen wie Br\u00fcckenpfeiler und dergleichen.<br \/>Der einsame, fast eremitenhafte Eingriff des K\u00fcnstlers in diese R\u00e4ume wird uns durch die klug inszenierte Fotografie \u00fcberliefert, und durch sie nehmen wir Teil an seinen pionierhaften Raumeroberungen. Aus der in der Graffiti-Szene typischen Troph\u00e4enfotografie ist eine kraftvolle und zugleich stille k\u00fcnstlerische Fotografie geworden. <br \/>Die fotografischen Werke werden in verschiedenen Gr\u00f6\u00dfen und Auflagenh\u00f6hen realisiert.<\/p>\n<p>Die Titel der Fotografien zeugen von seiner systematischen Herangehensweise, das Ordnen in Farben und Formen, und sie verweisen somit auf den strukturell-ordnenden Geist seiner anderen Werkgruppen von <i>edit-2<\/i>.<\/p>\n<p>Semjon H. N. Semjon, Oktober 2020<\/p>\n<\/div>\n<p>Aktuell wird seine Werkgruppe\u00a0<i>Der Zweite \u00d6ffentliche Raum\u00a0<\/i>im Magazin CUBE (Online-Version) vorgestellt:<\/p>\n<p>https:\/\/www.cube-magazin.de\/blog\/detail\/sCategory\/38\/blogArticle\/652<\/p>\n<div>\n<p><b><\/p>\n<p><\/b><\/div>\n<p>[\/et_pb_text][\/et_pb_column][\/et_pb_row][\/et_pb_section]<\/p>\n","protected":false},"featured_media":3345,"parent":0,"menu_order":74,"template":"","meta":{"_acf_changed":false,"_et_pb_use_builder":"on","_et_pb_old_content":"","_et_gb_content_width":""},"categories":[98],"class_list":["post-3342","ausstellungen","type-ausstellungen","status-publish","has-post-thumbnail","hentry","category-thomas-prochnow-ausstellungen"],"acf":[],"yoast_head":"<!-- This site is optimized with the Yoast SEO plugin v27.4 - https:\/\/yoast.com\/product\/yoast-seo-wordpress\/ -->\n<title>2020 \u2013 Zw\u00d6R - Semjon Contemporary<\/title>\n<meta name=\"robots\" content=\"index, follow, max-snippet:-1, max-image-preview:large, max-video-preview:-1\" \/>\n<link rel=\"canonical\" href=\"https:\/\/www.semjoncontemporary.com\/2022\/en\/ausstellungen\/2020-edit-2-0-zwoer\/\" \/>\n<meta property=\"og:locale\" content=\"en_US\" \/>\n<meta property=\"og:type\" content=\"article\" \/>\n<meta property=\"og:title\" content=\"2020 \u2013 Zw\u00d6R - Semjon Contemporary\" \/>\n<meta property=\"og:description\" content=\"&nbsp; Der Zweite \u00d6ffentliche Raum\u00a0(Parallelausstellung zu edit-2.0)24.10. \u2013 28. 11.2020 Die Werke aus seiner Serie Der Zweite \u00d6ffentliche Raum sind allesamt Farbfotografien, als Pigmentdruck auf Fine-Art-Papier umgesetzt. Die k\u00fcnstlerische Fotografie ist der letzte materialisierte Arbeitsschritt seiner von langer Hand vorbereiteten Rauminterventionen. Dieses Medium darf und soll auch \u00fcberleben, die Grundlage daf\u00fcr, der k\u00fcnstlerische Eingriff in [&hellip;]\" \/>\n<meta property=\"og:url\" content=\"https:\/\/www.semjoncontemporary.com\/2022\/en\/ausstellungen\/2020-edit-2-0-zwoer\/\" \/>\n<meta property=\"og:site_name\" content=\"Semjon Contemporary\" \/>\n<meta property=\"article:publisher\" content=\"https:\/\/www.facebook.com\/semjon\/\" \/>\n<meta property=\"article:modified_time\" content=\"2022-02-09T14:45:20+00:00\" \/>\n<meta property=\"og:image\" content=\"https:\/\/www.semjoncontemporary.com\/2022\/wp-content\/uploads\/2022\/02\/Semjon-Contemporary-Edit-20Der-Zweite-Offentliche-Raum-Thomas-Prochnow-10262020_125035-1024x536.png\" \/>\n\t<meta property=\"og:image:width\" content=\"1024\" \/>\n\t<meta property=\"og:image:height\" content=\"536\" \/>\n\t<meta property=\"og:image:type\" content=\"image\/png\" \/>\n<meta name=\"twitter:card\" content=\"summary_large_image\" \/>\n<meta name=\"twitter:label1\" content=\"Est. reading time\" \/>\n\t<meta name=\"twitter:data1\" content=\"2 minutes\" \/>\n<script type=\"application\/ld+json\" class=\"yoast-schema-graph\">{\"@context\":\"https:\\\/\\\/schema.org\",\"@graph\":[{\"@type\":\"WebPage\",\"@id\":\"https:\\\/\\\/www.semjoncontemporary.com\\\/2022\\\/ausstellungen\\\/2020-edit-2-0-zwoer\\\/\",\"url\":\"https:\\\/\\\/www.semjoncontemporary.com\\\/2022\\\/ausstellungen\\\/2020-edit-2-0-zwoer\\\/\",\"name\":\"2020 \u2013 Zw\u00d6R - Semjon Contemporary\",\"isPartOf\":{\"@id\":\"https:\\\/\\\/www.semjoncontemporary.com\\\/2022\\\/#website\"},\"primaryImageOfPage\":{\"@id\":\"https:\\\/\\\/www.semjoncontemporary.com\\\/2022\\\/ausstellungen\\\/2020-edit-2-0-zwoer\\\/#primaryimage\"},\"image\":{\"@id\":\"https:\\\/\\\/www.semjoncontemporary.com\\\/2022\\\/ausstellungen\\\/2020-edit-2-0-zwoer\\\/#primaryimage\"},\"thumbnailUrl\":\"https:\\\/\\\/www.semjoncontemporary.com\\\/2022\\\/wp-content\\\/uploads\\\/2022\\\/02\\\/Semjon-Contemporary-Edit-20Der-Zweite-Offentliche-Raum-Thomas-Prochnow-10262020_125035.png\",\"datePublished\":\"2022-02-08T13:17:37+00:00\",\"dateModified\":\"2022-02-09T14:45:20+00:00\",\"breadcrumb\":{\"@id\":\"https:\\\/\\\/www.semjoncontemporary.com\\\/2022\\\/ausstellungen\\\/2020-edit-2-0-zwoer\\\/#breadcrumb\"},\"inLanguage\":\"en-US\",\"potentialAction\":[{\"@type\":\"ReadAction\",\"target\":[\"https:\\\/\\\/www.semjoncontemporary.com\\\/2022\\\/ausstellungen\\\/2020-edit-2-0-zwoer\\\/\"]}]},{\"@type\":\"ImageObject\",\"inLanguage\":\"en-US\",\"@id\":\"https:\\\/\\\/www.semjoncontemporary.com\\\/2022\\\/ausstellungen\\\/2020-edit-2-0-zwoer\\\/#primaryimage\",\"url\":\"https:\\\/\\\/www.semjoncontemporary.com\\\/2022\\\/wp-content\\\/uploads\\\/2022\\\/02\\\/Semjon-Contemporary-Edit-20Der-Zweite-Offentliche-Raum-Thomas-Prochnow-10262020_125035.png\",\"contentUrl\":\"https:\\\/\\\/www.semjoncontemporary.com\\\/2022\\\/wp-content\\\/uploads\\\/2022\\\/02\\\/Semjon-Contemporary-Edit-20Der-Zweite-Offentliche-Raum-Thomas-Prochnow-10262020_125035.png\",\"width\":2364,\"height\":1238},{\"@type\":\"BreadcrumbList\",\"@id\":\"https:\\\/\\\/www.semjoncontemporary.com\\\/2022\\\/ausstellungen\\\/2020-edit-2-0-zwoer\\\/#breadcrumb\",\"itemListElement\":[{\"@type\":\"ListItem\",\"position\":1,\"name\":\"Startseite\",\"item\":\"https:\\\/\\\/www.semjoncontemporary.com\\\/2022\\\/\"},{\"@type\":\"ListItem\",\"position\":2,\"name\":\"2020 \u2013 Zw\u00d6R\"}]},{\"@type\":\"WebSite\",\"@id\":\"https:\\\/\\\/www.semjoncontemporary.com\\\/2022\\\/#website\",\"url\":\"https:\\\/\\\/www.semjoncontemporary.com\\\/2022\\\/\",\"name\":\"Semjon Contemporary\",\"description\":\"Galerie f\u00fcr zeitgen\u00f6ssische Kunst\",\"publisher\":{\"@id\":\"https:\\\/\\\/www.semjoncontemporary.com\\\/2022\\\/#organization\"},\"potentialAction\":[{\"@type\":\"SearchAction\",\"target\":{\"@type\":\"EntryPoint\",\"urlTemplate\":\"https:\\\/\\\/www.semjoncontemporary.com\\\/2022\\\/?s={search_term_string}\"},\"query-input\":{\"@type\":\"PropertyValueSpecification\",\"valueRequired\":true,\"valueName\":\"search_term_string\"}}],\"inLanguage\":\"en-US\"},{\"@type\":\"Organization\",\"@id\":\"https:\\\/\\\/www.semjoncontemporary.com\\\/2022\\\/#organization\",\"name\":\"Semjon Contemporary\",\"url\":\"https:\\\/\\\/www.semjoncontemporary.com\\\/2022\\\/\",\"logo\":{\"@type\":\"ImageObject\",\"inLanguage\":\"en-US\",\"@id\":\"https:\\\/\\\/www.semjoncontemporary.com\\\/2022\\\/#\\\/schema\\\/logo\\\/image\\\/\",\"url\":\"https:\\\/\\\/www.semjoncontemporary.com\\\/2022\\\/wp-content\\\/uploads\\\/2021\\\/11\\\/SC-logo.png\",\"contentUrl\":\"https:\\\/\\\/www.semjoncontemporary.com\\\/2022\\\/wp-content\\\/uploads\\\/2021\\\/11\\\/SC-logo.png\",\"width\":2221,\"height\":512,\"caption\":\"Semjon Contemporary\"},\"image\":{\"@id\":\"https:\\\/\\\/www.semjoncontemporary.com\\\/2022\\\/#\\\/schema\\\/logo\\\/image\\\/\"},\"sameAs\":[\"https:\\\/\\\/www.facebook.com\\\/semjon\\\/\",\"https:\\\/\\\/www.instagram.com\\\/semjoncontemporary\"]}]}<\/script>\n<!-- \/ Yoast SEO plugin. -->","yoast_head_json":{"title":"2020 \u2013 Zw\u00d6R - Semjon Contemporary","robots":{"index":"index","follow":"follow","max-snippet":"max-snippet:-1","max-image-preview":"max-image-preview:large","max-video-preview":"max-video-preview:-1"},"canonical":"https:\/\/www.semjoncontemporary.com\/2022\/en\/ausstellungen\/2020-edit-2-0-zwoer\/","og_locale":"en_US","og_type":"article","og_title":"2020 \u2013 Zw\u00d6R - Semjon Contemporary","og_description":"&nbsp; Der Zweite \u00d6ffentliche Raum\u00a0(Parallelausstellung zu edit-2.0)24.10. \u2013 28. 11.2020 Die Werke aus seiner Serie Der Zweite \u00d6ffentliche Raum sind allesamt Farbfotografien, als Pigmentdruck auf Fine-Art-Papier umgesetzt. Die k\u00fcnstlerische Fotografie ist der letzte materialisierte Arbeitsschritt seiner von langer Hand vorbereiteten Rauminterventionen. Dieses Medium darf und soll auch \u00fcberleben, die Grundlage daf\u00fcr, der k\u00fcnstlerische Eingriff in [&hellip;]","og_url":"https:\/\/www.semjoncontemporary.com\/2022\/en\/ausstellungen\/2020-edit-2-0-zwoer\/","og_site_name":"Semjon Contemporary","article_publisher":"https:\/\/www.facebook.com\/semjon\/","article_modified_time":"2022-02-09T14:45:20+00:00","og_image":[{"width":1024,"height":536,"url":"https:\/\/www.semjoncontemporary.com\/2022\/wp-content\/uploads\/2022\/02\/Semjon-Contemporary-Edit-20Der-Zweite-Offentliche-Raum-Thomas-Prochnow-10262020_125035-1024x536.png","type":"image\/png"}],"twitter_card":"summary_large_image","twitter_misc":{"Est. reading time":"2 minutes"},"schema":{"@context":"https:\/\/schema.org","@graph":[{"@type":"WebPage","@id":"https:\/\/www.semjoncontemporary.com\/2022\/ausstellungen\/2020-edit-2-0-zwoer\/","url":"https:\/\/www.semjoncontemporary.com\/2022\/ausstellungen\/2020-edit-2-0-zwoer\/","name":"2020 \u2013 Zw\u00d6R - Semjon Contemporary","isPartOf":{"@id":"https:\/\/www.semjoncontemporary.com\/2022\/#website"},"primaryImageOfPage":{"@id":"https:\/\/www.semjoncontemporary.com\/2022\/ausstellungen\/2020-edit-2-0-zwoer\/#primaryimage"},"image":{"@id":"https:\/\/www.semjoncontemporary.com\/2022\/ausstellungen\/2020-edit-2-0-zwoer\/#primaryimage"},"thumbnailUrl":"https:\/\/www.semjoncontemporary.com\/2022\/wp-content\/uploads\/2022\/02\/Semjon-Contemporary-Edit-20Der-Zweite-Offentliche-Raum-Thomas-Prochnow-10262020_125035.png","datePublished":"2022-02-08T13:17:37+00:00","dateModified":"2022-02-09T14:45:20+00:00","breadcrumb":{"@id":"https:\/\/www.semjoncontemporary.com\/2022\/ausstellungen\/2020-edit-2-0-zwoer\/#breadcrumb"},"inLanguage":"en-US","potentialAction":[{"@type":"ReadAction","target":["https:\/\/www.semjoncontemporary.com\/2022\/ausstellungen\/2020-edit-2-0-zwoer\/"]}]},{"@type":"ImageObject","inLanguage":"en-US","@id":"https:\/\/www.semjoncontemporary.com\/2022\/ausstellungen\/2020-edit-2-0-zwoer\/#primaryimage","url":"https:\/\/www.semjoncontemporary.com\/2022\/wp-content\/uploads\/2022\/02\/Semjon-Contemporary-Edit-20Der-Zweite-Offentliche-Raum-Thomas-Prochnow-10262020_125035.png","contentUrl":"https:\/\/www.semjoncontemporary.com\/2022\/wp-content\/uploads\/2022\/02\/Semjon-Contemporary-Edit-20Der-Zweite-Offentliche-Raum-Thomas-Prochnow-10262020_125035.png","width":2364,"height":1238},{"@type":"BreadcrumbList","@id":"https:\/\/www.semjoncontemporary.com\/2022\/ausstellungen\/2020-edit-2-0-zwoer\/#breadcrumb","itemListElement":[{"@type":"ListItem","position":1,"name":"Startseite","item":"https:\/\/www.semjoncontemporary.com\/2022\/"},{"@type":"ListItem","position":2,"name":"2020 \u2013 Zw\u00d6R"}]},{"@type":"WebSite","@id":"https:\/\/www.semjoncontemporary.com\/2022\/#website","url":"https:\/\/www.semjoncontemporary.com\/2022\/","name":"Semjon Contemporary","description":"Galerie f\u00fcr zeitgen\u00f6ssische Kunst","publisher":{"@id":"https:\/\/www.semjoncontemporary.com\/2022\/#organization"},"potentialAction":[{"@type":"SearchAction","target":{"@type":"EntryPoint","urlTemplate":"https:\/\/www.semjoncontemporary.com\/2022\/?s={search_term_string}"},"query-input":{"@type":"PropertyValueSpecification","valueRequired":true,"valueName":"search_term_string"}}],"inLanguage":"en-US"},{"@type":"Organization","@id":"https:\/\/www.semjoncontemporary.com\/2022\/#organization","name":"Semjon Contemporary","url":"https:\/\/www.semjoncontemporary.com\/2022\/","logo":{"@type":"ImageObject","inLanguage":"en-US","@id":"https:\/\/www.semjoncontemporary.com\/2022\/#\/schema\/logo\/image\/","url":"https:\/\/www.semjoncontemporary.com\/2022\/wp-content\/uploads\/2021\/11\/SC-logo.png","contentUrl":"https:\/\/www.semjoncontemporary.com\/2022\/wp-content\/uploads\/2021\/11\/SC-logo.png","width":2221,"height":512,"caption":"Semjon Contemporary"},"image":{"@id":"https:\/\/www.semjoncontemporary.com\/2022\/#\/schema\/logo\/image\/"},"sameAs":["https:\/\/www.facebook.com\/semjon\/","https:\/\/www.instagram.com\/semjoncontemporary"]}]}},"_links":{"self":[{"href":"https:\/\/www.semjoncontemporary.com\/2022\/en\/wp-json\/wp\/v2\/ausstellungen\/3342","targetHints":{"allow":["GET"]}}],"collection":[{"href":"https:\/\/www.semjoncontemporary.com\/2022\/en\/wp-json\/wp\/v2\/ausstellungen"}],"about":[{"href":"https:\/\/www.semjoncontemporary.com\/2022\/en\/wp-json\/wp\/v2\/types\/ausstellungen"}],"wp:featuredmedia":[{"embeddable":true,"href":"https:\/\/www.semjoncontemporary.com\/2022\/en\/wp-json\/wp\/v2\/media\/3345"}],"wp:attachment":[{"href":"https:\/\/www.semjoncontemporary.com\/2022\/en\/wp-json\/wp\/v2\/media?parent=3342"}],"wp:term":[{"taxonomy":"category","embeddable":true,"href":"https:\/\/www.semjoncontemporary.com\/2022\/en\/wp-json\/wp\/v2\/categories?post=3342"}],"curies":[{"name":"wp","href":"https:\/\/api.w.org\/{rel}","templated":true}]}}